{"id":2012,"date":"2025-10-27T11:00:02","date_gmt":"2025-10-27T11:00:02","guid":{"rendered":"https:\/\/next.universitas.pt\/?page_id=2012"},"modified":"2026-04-17T14:41:29","modified_gmt":"2026-04-17T14:41:29","slug":"do-codigo-a-pratica-curso-para-a-contratacao-publica","status":"publish","type":"page","link":"https:\/\/next.universitas.pt\/index.php\/do-codigo-a-pratica-curso-para-a-contratacao-publica\/","title":{"rendered":"Do C\u00f3digo \u00e0 Pr\u00e1tica: Curso para a Contrata\u00e7\u00e3o P\u00fablica"},"content":{"rendered":"\t\t<div data-elementor-type=\"wp-page\" data-elementor-id=\"2012\" class=\"elementor elementor-2012\" data-elementor-post-type=\"page\">\n\t\t\t\t<div class=\"elementor-element elementor-element-df64cc4 e-flex e-con-boxed wpr-particle-no wpr-jarallax-no wpr-parallax-no wpr-sticky-section-no wpr-equal-height-no e-con e-parent\" data-id=\"df64cc4\" data-element_type=\"container\" data-e-type=\"container\" data-settings=\"{&quot;background_background&quot;:&quot;classic&quot;,&quot;shape_divider_bottom&quot;:&quot;tilt&quot;}\">\n\t\t\t\t\t<div class=\"e-con-inner\">\n\t\t\t\t<div class=\"elementor-shape elementor-shape-bottom\" aria-hidden=\"true\" data-negative=\"false\">\n\t\t\t<svg xmlns=\"http:\/\/www.w3.org\/2000\/svg\" viewBox=\"0 0 1000 100\" preserveAspectRatio=\"none\">\n\t<path class=\"elementor-shape-fill\" d=\"M0,6V0h1000v100L0,6z\"\/>\n<\/svg>\t\t<\/div>\n\t\t<div class=\"elementor-element elementor-element-8049297 e-flex e-con-boxed wpr-particle-no wpr-jarallax-no wpr-parallax-no wpr-sticky-section-no wpr-equal-height-no e-con e-child\" data-id=\"8049297\" data-element_type=\"container\" data-e-type=\"container\">\n\t\t\t\t\t<div class=\"e-con-inner\">\n\t\t\t\t<div class=\"elementor-element elementor-element-29fa9ba elementor-position-inline-start elementor-mobile-position-inline-start elementor-view-default elementor-widget elementor-widget-icon-box\" data-id=\"29fa9ba\" data-element_type=\"widget\" data-e-type=\"widget\" data-widget_type=\"icon-box.default\">\n\t\t\t\t\t\t\t<div class=\"elementor-icon-box-wrapper\">\n\n\t\t\t\t\t\t<div class=\"elementor-icon-box-icon\">\n\t\t\t\t<span  class=\"elementor-icon\">\n\t\t\t\t<i aria-hidden=\"true\" class=\"icon icon-right-arrow\"><\/i>\t\t\t\t<\/span>\n\t\t\t<\/div>\n\t\t\t\n\t\t\t\t\t\t<div class=\"elementor-icon-box-content\">\n\n\t\t\t\t\t\t\t\t\t<h3 class=\"elementor-icon-box-title\">\n\t\t\t\t\t\t<span  >\n\t\t\t\t\t\t\tForma\u00e7\u00e3o Avan\u00e7ada\t\t\t\t\t\t<\/span>\n\t\t\t\t\t<\/h3>\n\t\t\t\t\n\t\t\t\t\n\t\t\t<\/div>\n\t\t\t\n\t\t<\/div>\n\t\t\t\t\t\t<\/div>\n\t\t\t\t<div class=\"elementor-element elementor-element-619b198 elementor-widget elementor-widget-heading\" data-id=\"619b198\" data-element_type=\"widget\" data-e-type=\"widget\" data-widget_type=\"heading.default\">\n\t\t\t\t\t<h2 class=\"elementor-heading-title elementor-size-default\"> Do C\u00f3digo \u00e0 Pr\u00e1tica: Curso para a Contrata\u00e7\u00e3o P\u00fablica<\/h2>\t\t\t\t<\/div>\n\t\t\t\t<div class=\"elementor-element elementor-element-2d1e4fc elementor-align-start elementor-icon-list--layout-traditional elementor-list-item-link-full_width elementor-widget elementor-widget-icon-list\" data-id=\"2d1e4fc\" data-element_type=\"widget\" data-e-type=\"widget\" data-widget_type=\"icon-list.default\">\n\t\t\t\t\t\t\t<ul class=\"elementor-icon-list-items\">\n\t\t\t\t\t\t\t<li class=\"elementor-icon-list-item\">\n\t\t\t\t\t\t\t\t\t\t\t<span class=\"elementor-icon-list-icon\">\n\t\t\t\t\t\t\t<i aria-hidden=\"true\" class=\"far fa-calendar\"><\/i>\t\t\t\t\t\t<\/span>\n\t\t\t\t\t\t\t\t\t\t<span class=\"elementor-icon-list-text\">18 maio 2026<\/span>\n\t\t\t\t\t\t\t\t\t<\/li>\n\t\t\t\t\t\t\t\t<li class=\"elementor-icon-list-item\">\n\t\t\t\t\t\t\t\t\t\t\t<span class=\"elementor-icon-list-icon\">\n\t\t\t\t\t\t\t<i aria-hidden=\"true\" class=\"far fa-clock\"><\/i>\t\t\t\t\t\t<\/span>\n\t\t\t\t\t\t\t\t\t\t<span class=\"elementor-icon-list-text\">2.\u00aa e 5.\u00aa Feiras - 18:00 \u00e0s 20:30<\/span>\n\t\t\t\t\t\t\t\t\t<\/li>\n\t\t\t\t\t\t\t\t<li class=\"elementor-icon-list-item\">\n\t\t\t\t\t\t\t\t\t\t\t<span class=\"elementor-icon-list-icon\">\n\t\t\t\t\t\t\t<i aria-hidden=\"true\" class=\"fas fa-layer-group\"><\/i>\t\t\t\t\t\t<\/span>\n\t\t\t\t\t\t\t\t\t\t<span class=\"elementor-icon-list-text\">Online<\/span>\n\t\t\t\t\t\t\t\t\t<\/li>\n\t\t\t\t\t\t\t\t<li class=\"elementor-icon-list-item\">\n\t\t\t\t\t\t\t\t\t\t\t<span class=\"elementor-icon-list-icon\">\n\t\t\t\t\t\t\t<i aria-hidden=\"true\" class=\"far fa-clock\"><\/i>\t\t\t\t\t\t<\/span>\n\t\t\t\t\t\t\t\t\t\t<span class=\"elementor-icon-list-text\">8 semanas<\/span>\n\t\t\t\t\t\t\t\t\t<\/li>\n\t\t\t\t\t\t\t\t<li class=\"elementor-icon-list-item\">\n\t\t\t\t\t\t\t\t\t\t\t<span class=\"elementor-icon-list-icon\">\n\t\t\t\t\t\t\t<i aria-hidden=\"true\" class=\"fas fa-euro-sign\"><\/i>\t\t\t\t\t\t<\/span>\n\t\t\t\t\t\t\t\t\t\t<span class=\"elementor-icon-list-text\">900 \u20ac<\/span>\n\t\t\t\t\t\t\t\t\t<\/li>\n\t\t\t\t\t\t<\/ul>\n\t\t\t\t\t\t<\/div>\n\t\t\t\t<div class=\"elementor-element elementor-element-86c8199 elementor-widget elementor-widget-ucaddon_blox_btn_group\" data-id=\"86c8199\" data-element_type=\"widget\" data-e-type=\"widget\" data-widget_type=\"ucaddon_blox_btn_group.default\">\n\t\t\t\t<div class=\"elementor-widget-container\">\n\t\t\t\t\t\n<!-- start Button Group -->\n\t\t<link id='font-awesome-css' href='https:\/\/next.universitas.pt\/wp-content\/plugins\/unlimited-elements-for-elementor\/assets_libraries\/font-awesome6\/fontawesome-all.min.css' type='text\/css' rel='stylesheet' >\n\t\t<link id='font-awesome-4-shim-css' href='https:\/\/next.universitas.pt\/wp-content\/plugins\/unlimited-elements-for-elementor\/assets_libraries\/font-awesome6\/fontawesome-v4-shims.min.css' type='text\/css' rel='stylesheet' >\n\n<style>\/* widget: Button Group *\/\n\n#uc_blox_btn_group_elementor_86c8199\n{\n  display:flex;\n  flex-wrap: wrap;\n}\n\n#uc_blox_btn_group_elementor_86c8199 a\n{\n  display:block;\n  text-decoration:none;\n  transition:0.3s;\n\n}\n\n#uc_blox_btn_group_elementor_86c8199 .blox_btn_group_inner\n{\n  display:inline-flex;\n  align-items:center;\n}\n\n#uc_blox_btn_group_elementor_86c8199 .blox_btn_group_inner .ue-btn-icon\n{\n  line-height:1em;\n}\n\n#uc_blox_btn_group_elementor_86c8199 .blox_btn_group_inner .ue-btn-icon svg\n{\n  height:1em;\n  width:1em;\n}\n\n<\/style>\n\n<div id=\"uc_blox_btn_group_elementor_86c8199\" class=\"blox_btn_group uc-items-wrapper \" >\n  <a class=\"elementor-repeater-item-fca0e17 \" href=\"https:\/\/next.universitas.pt\/index.php\/receber-brochura-por-email-do-codigo-a-pratica-curso-para-a-contratacao-publica\/\" id=\"uc_blox_btn_group_elementor_86c8199_item1\"  target='_blank'>\n  <div class=\"blox_btn_group_inner\">\n        <div class=\"ue-btn-txt\">Download Brochura<\/div>\n  <\/div>\n<\/a>\n\n  \n\n\n<\/div>\n<!-- end Button Group -->\t\t\t\t<\/div>\n\t\t\t\t<\/div>\n\t\t\t\t<div class=\"elementor-element elementor-element-8c4ed90 animated-slow wpr-button-icon-style-inline wpr-button-icon-position-right elementor-widget elementor-widget-wpr-button\" data-id=\"8c4ed90\" data-element_type=\"widget\" data-e-type=\"widget\" data-settings=\"{&quot;_animation&quot;:&quot;none&quot;}\" data-widget_type=\"wpr-button.default\">\n\t\t\t\t\t\t\n\t\t\t\n\t\t\n\t\t<div class=\"wpr-button-wrap elementor-clearfix\">\n\t\t<a class=\"wpr-button wpr-button-effect wpr-button-none\" data-text=\"\" href=\"https:\/\/next.universitas.pt\/index.php\/candidatura-ao-programa-do-codigo-a-pratica-curso-para-a-contratacao-publica\/\" target=\"_blank\">\n\t\t\t\n\t\t\t<span class=\"wpr-button-content\">\n\t\t\t\t\t\t\t\t\t<span class=\"wpr-button-text\">Candidate-se aqui!<\/span>\n\t\t\t\t\t\t\t\t\n\t\t\t\t\t\t\t<\/span>\n\t\t<\/a>\n\n\t\t\t\t<\/div>\n\t\n\t\n\t\t\t\t\t<\/div>\n\t\t\t\t\t<\/div>\n\t\t\t\t<\/div>\n\t\t<div class=\"elementor-element elementor-element-9427a83 e-con-full elementor-hidden-mobile e-flex wpr-particle-no wpr-jarallax-no wpr-parallax-no wpr-sticky-section-no wpr-equal-height-no e-con e-child\" data-id=\"9427a83\" data-element_type=\"container\" data-e-type=\"container\">\n\t\t\t\t<\/div>\n\t\t\t\t\t<\/div>\n\t\t\t\t<\/div>\n\t\t<div class=\"elementor-element elementor-element-65d471c e-flex e-con-boxed wpr-particle-no wpr-jarallax-no wpr-parallax-no wpr-sticky-section-no wpr-equal-height-no e-con e-parent\" data-id=\"65d471c\" data-element_type=\"container\" data-e-type=\"container\" data-settings=\"{&quot;background_background&quot;:&quot;classic&quot;}\">\n\t\t\t\t\t<div class=\"e-con-inner\">\n\t\t\t\t<div class=\"elementor-element elementor-element-5400a3e elementor-widget elementor-widget-image\" data-id=\"5400a3e\" data-element_type=\"widget\" data-e-type=\"widget\" data-widget_type=\"image.default\">\n\t\t\t\t\t\t\t\t\t\t\t\t\t\t\t<img decoding=\"async\" width=\"22\" height=\"185\" src=\"https:\/\/next.universitas.pt\/wp-content\/uploads\/2025\/10\/Line_2.png\" class=\"attachment-large size-large wp-image-1727\" alt=\"\" \/>\t\t\t\t\t\t\t\t\t\t\t\t\t\t\t<\/div>\n\t\t\t\t<div class=\"elementor-element elementor-element-bf9bcb8 elementor-widget elementor-widget-heading\" data-id=\"bf9bcb8\" data-element_type=\"widget\" data-e-type=\"widget\" data-widget_type=\"heading.default\">\n\t\t\t\t\t<h2 class=\"elementor-heading-title elementor-size-default\">01<\/h2>\t\t\t\t<\/div>\n\t\t\t\t\t<\/div>\n\t\t\t\t<\/div>\n\t\t<div class=\"elementor-element elementor-element-6226e62 e-transform e-flex e-con-boxed wpr-particle-no wpr-jarallax-no wpr-parallax-no wpr-sticky-section-no wpr-equal-height-no e-con e-parent\" data-id=\"6226e62\" data-element_type=\"container\" data-e-type=\"container\" data-settings=\"{&quot;background_background&quot;:&quot;classic&quot;,&quot;shape_divider_bottom&quot;:&quot;tilt&quot;,&quot;_transform_rotateZ_effect&quot;:{&quot;unit&quot;:&quot;px&quot;,&quot;size&quot;:&quot;&quot;,&quot;sizes&quot;:[]},&quot;_transform_rotateZ_effect_laptop&quot;:{&quot;unit&quot;:&quot;deg&quot;,&quot;size&quot;:&quot;&quot;,&quot;sizes&quot;:[]},&quot;_transform_rotateZ_effect_tablet&quot;:{&quot;unit&quot;:&quot;deg&quot;,&quot;size&quot;:&quot;&quot;,&quot;sizes&quot;:[]},&quot;_transform_rotateZ_effect_mobile&quot;:{&quot;unit&quot;:&quot;deg&quot;,&quot;size&quot;:&quot;&quot;,&quot;sizes&quot;:[]}}\">\n\t\t\t\t\t<div class=\"e-con-inner\">\n\t\t\t\t<div class=\"elementor-shape elementor-shape-bottom\" aria-hidden=\"true\" data-negative=\"false\">\n\t\t\t<svg xmlns=\"http:\/\/www.w3.org\/2000\/svg\" viewBox=\"0 0 1000 100\" preserveAspectRatio=\"none\">\n\t<path class=\"elementor-shape-fill\" d=\"M0,6V0h1000v100L0,6z\"\/>\n<\/svg>\t\t<\/div>\n\t\t<div class=\"elementor-element elementor-element-60f4d6b e-con-full e-flex wpr-particle-no wpr-jarallax-no wpr-parallax-no wpr-sticky-section-no wpr-equal-height-no elementor-invisible e-con e-child\" data-id=\"60f4d6b\" data-element_type=\"container\" data-e-type=\"container\" data-settings=\"{&quot;animation&quot;:&quot;fadeInLeft&quot;}\">\n\t\t\t\t<div class=\"elementor-element elementor-element-7a88c16 elementor-widget elementor-widget-heading\" data-id=\"7a88c16\" data-element_type=\"widget\" data-e-type=\"widget\" data-widget_type=\"heading.default\">\n\t\t\t\t\t<h2 class=\"elementor-heading-title elementor-size-default\">O Programa<\/h2>\t\t\t\t<\/div>\n\t\t\t\t<div class=\"elementor-element elementor-element-ddbcad0 elementor-widget elementor-widget-text-editor\" data-id=\"ddbcad0\" data-element_type=\"widget\" data-e-type=\"widget\" data-widget_type=\"text-editor.default\">\n\t\t\t\t\t\t\t\t\t<p>A contrata\u00e7\u00e3o p\u00fablica \u00e9 um instrumento estrat\u00e9gico para a prossecu\u00e7\u00e3o do interesse p\u00fablico, assegurando a utiliza\u00e7\u00e3o eficiente, transparente e respons\u00e1vel dos recursos p\u00fablicos. Para o setor p\u00fablico, permite concretizar pol\u00edticas p\u00fablicas, promover a inova\u00e7\u00e3o, a sustentabilidade e a coes\u00e3o territorial. Para as empresas, representa uma oportunidade relevante de acesso a mercados est\u00e1veis, incentivo \u00e0 competitividade, \u00e0 qualifica\u00e7\u00e3o e \u00e0 ado\u00e7\u00e3o de boas pr\u00e1ticas, refor\u00e7ando o desenvolvimento econ\u00f3mico e social.<\/p>\t\t\t\t\t\t\t\t<\/div>\n\t\t\t\t<\/div>\n\t\t<div class=\"elementor-element elementor-element-07d4851 e-flex e-con-boxed wpr-particle-no wpr-jarallax-no wpr-parallax-no wpr-sticky-section-no wpr-equal-height-no elementor-invisible e-con e-child\" data-id=\"07d4851\" data-element_type=\"container\" data-e-type=\"container\" data-settings=\"{&quot;animation&quot;:&quot;fadeInRight&quot;}\">\n\t\t\t\t\t<div class=\"e-con-inner\">\n\t\t\t\t<div class=\"elementor-element elementor-element-0ecd9a4 elementor-widget elementor-widget-text-editor\" data-id=\"0ecd9a4\" data-element_type=\"widget\" data-e-type=\"widget\" data-widget_type=\"text-editor.default\">\n\t\t\t\t\t\t\t\t\t<p>Este programa endere\u00e7a as duas dimens\u00f5es: a Forma\u00e7\u00e3o Te\u00f3rica e o Enquadramento Legal robustos s\u00e3o fundamentais para capacitar atuais e futuros t\u00e9cnicos de contrata\u00e7\u00e3o p\u00fablica. Contudo, o verdadeiro desafio reside na execu\u00e7\u00e3o: o correto preenchimento de registos obrigat\u00f3rios (DR e JOUE), a navega\u00e7\u00e3o nos portais e plataformas eletr\u00f3nicas e acessos. O objetivo central desta forma\u00e7\u00e3o \u00e9 garantir que cada formando atinja a autonomia total no desempenho das suas fun\u00e7\u00f5es, com uma forte \u00eanfase no Planeamento e Organiza\u00e7\u00e3o.<\/p>\t\t\t\t\t\t\t\t<\/div>\n\t\t\t\t\t<\/div>\n\t\t\t\t<\/div>\n\t\t\t\t\t<\/div>\n\t\t\t\t<\/div>\n\t\t<div class=\"elementor-element elementor-element-0947801 elementor-hidden-mobile e-flex e-con-boxed wpr-particle-no wpr-jarallax-no wpr-parallax-no wpr-sticky-section-no wpr-equal-height-no e-con e-parent\" data-id=\"0947801\" data-element_type=\"container\" data-e-type=\"container\" data-settings=\"{&quot;background_background&quot;:&quot;classic&quot;}\">\n\t\t\t\t\t<div class=\"e-con-inner\">\n\t\t\t\t\t<\/div>\n\t\t\t\t<\/div>\n\t\t<div class=\"elementor-element elementor-element-3c1f8d8 e-flex e-con-boxed wpr-particle-no wpr-jarallax-no wpr-parallax-no wpr-sticky-section-no wpr-equal-height-no e-con e-parent\" data-id=\"3c1f8d8\" data-element_type=\"container\" data-e-type=\"container\" data-settings=\"{&quot;shape_divider_bottom&quot;:&quot;tilt&quot;}\">\n\t\t\t\t\t<div class=\"e-con-inner\">\n\t\t\t\t<div class=\"elementor-shape elementor-shape-bottom\" aria-hidden=\"true\" data-negative=\"false\">\n\t\t\t<svg xmlns=\"http:\/\/www.w3.org\/2000\/svg\" viewBox=\"0 0 1000 100\" preserveAspectRatio=\"none\">\n\t<path class=\"elementor-shape-fill\" d=\"M0,6V0h1000v100L0,6z\"\/>\n<\/svg>\t\t<\/div>\n\t\t\t\t<div class=\"elementor-element elementor-element-c3fabf6 elementor-widget elementor-widget-image\" data-id=\"c3fabf6\" data-element_type=\"widget\" data-e-type=\"widget\" data-widget_type=\"image.default\">\n\t\t\t\t\t\t\t\t\t\t\t\t\t\t\t<img decoding=\"async\" width=\"22\" height=\"185\" src=\"https:\/\/next.universitas.pt\/wp-content\/uploads\/2025\/10\/Line_2.png\" class=\"attachment-large size-large wp-image-1727\" alt=\"\" \/>\t\t\t\t\t\t\t\t\t\t\t\t\t\t\t<\/div>\n\t\t\t\t<div class=\"elementor-element elementor-element-f9c3e58 elementor-widget elementor-widget-heading\" data-id=\"f9c3e58\" data-element_type=\"widget\" data-e-type=\"widget\" data-widget_type=\"heading.default\">\n\t\t\t\t\t<h2 class=\"elementor-heading-title elementor-size-default\">02<\/h2>\t\t\t\t<\/div>\n\t\t\t\t\t<\/div>\n\t\t\t\t<\/div>\n\t\t<div class=\"elementor-element elementor-element-5a1f65b e-flex e-con-boxed wpr-particle-no wpr-jarallax-no wpr-parallax-no wpr-sticky-section-no wpr-equal-height-no e-con e-parent\" data-id=\"5a1f65b\" data-element_type=\"container\" data-e-type=\"container\" data-settings=\"{&quot;background_background&quot;:&quot;classic&quot;}\">\n\t\t\t\t\t<div class=\"e-con-inner\">\n\t\t<div class=\"elementor-element elementor-element-3b98292 e-con-full e-flex wpr-particle-no wpr-jarallax-no wpr-parallax-no wpr-sticky-section-no wpr-equal-height-no elementor-invisible e-con e-child\" data-id=\"3b98292\" data-element_type=\"container\" data-e-type=\"container\" data-settings=\"{&quot;animation&quot;:&quot;fadeInLeft&quot;}\">\n\t\t\t\t<div class=\"elementor-element elementor-element-1f5c17c elementor-widget elementor-widget-heading\" data-id=\"1f5c17c\" data-element_type=\"widget\" data-e-type=\"widget\" data-widget_type=\"heading.default\">\n\t\t\t\t\t<h2 class=\"elementor-heading-title elementor-size-default\">Destinat\u00e1rios<\/h2>\t\t\t\t<\/div>\n\t\t\t\t<div class=\"elementor-element elementor-element-f8349fb elementor-align-start elementor-icon-list--layout-traditional elementor-list-item-link-full_width elementor-widget elementor-widget-icon-list\" data-id=\"f8349fb\" data-element_type=\"widget\" data-e-type=\"widget\" data-widget_type=\"icon-list.default\">\n\t\t\t\t\t\t\t<ul class=\"elementor-icon-list-items\">\n\t\t\t\t\t\t\t<li class=\"elementor-icon-list-item\">\n\t\t\t\t\t\t\t\t\t\t\t<span class=\"elementor-icon-list-icon\">\n\t\t\t\t\t\t\t<i aria-hidden=\"true\" class=\"far fa-circle\"><\/i>\t\t\t\t\t\t<\/span>\n\t\t\t\t\t\t\t\t\t\t<span class=\"elementor-icon-list-text\">Qualquer pessoa que trabalhe ou deseje iniciar fun\u00e7\u00f5es na Contrata\u00e7\u00e3o P\u00fablica, sobretudo t\u00e9cnicos, n\u00e3o juristas.<\/span>\n\t\t\t\t\t\t\t\t\t<\/li>\n\t\t\t\t\t\t\t\t<li class=\"elementor-icon-list-item\">\n\t\t\t\t\t\t\t\t\t\t\t<span class=\"elementor-icon-list-icon\">\n\t\t\t\t\t\t\t<i aria-hidden=\"true\" class=\"far fa-circle\"><\/i>\t\t\t\t\t\t<\/span>\n\t\t\t\t\t\t\t\t\t\t<span class=\"elementor-icon-list-text\">Especialmente, para profissionais que sintam a necessidade de suporte pr\u00e1tico e especializado para resolver os desafios do dia a dia, nomeadamente a cria\u00e7\u00e3o de pe\u00e7as procedimentais, a gest\u00e3o de plataformas eletr\u00f3nicas e a garantia de rigor no planeamento e registos obrigat\u00f3rios.<\/span>\n\t\t\t\t\t\t\t\t\t<\/li>\n\t\t\t\t\t\t<\/ul>\n\t\t\t\t\t\t<\/div>\n\t\t\t\t<\/div>\n\t\t<div class=\"elementor-element elementor-element-05c0015 e-con-full e-flex wpr-particle-no wpr-jarallax-no wpr-parallax-no wpr-sticky-section-no wpr-equal-height-no elementor-invisible e-con e-child\" data-id=\"05c0015\" data-element_type=\"container\" data-e-type=\"container\" data-settings=\"{&quot;animation&quot;:&quot;fadeInRight&quot;}\">\n\t\t\t\t<div class=\"elementor-element elementor-element-51d7ff1 elementor-widget elementor-widget-heading\" data-id=\"51d7ff1\" data-element_type=\"widget\" data-e-type=\"widget\" data-widget_type=\"heading.default\">\n\t\t\t\t\t<h2 class=\"elementor-heading-title elementor-size-default\">Dura\u00e7\u00e3o e Hor\u00e1rio<\/h2>\t\t\t\t<\/div>\n\t\t\t\t<div class=\"elementor-element elementor-element-87070da elementor-widget elementor-widget-text-editor\" data-id=\"87070da\" data-element_type=\"widget\" data-e-type=\"widget\" data-widget_type=\"text-editor.default\">\n\t\t\t\t\t\t\t\t\t<p>O curso tem a dura\u00e7\u00e3o total de 53 horas e \u00e9 ministrado em formato totalmente online.<\/p>\t\t\t\t\t\t\t\t<\/div>\n\t\t\t\t<div class=\"elementor-element elementor-element-34d6a1c elementor-align-start elementor-icon-list--layout-traditional elementor-list-item-link-full_width elementor-widget elementor-widget-icon-list\" data-id=\"34d6a1c\" data-element_type=\"widget\" data-e-type=\"widget\" data-widget_type=\"icon-list.default\">\n\t\t\t\t\t\t\t<ul class=\"elementor-icon-list-items\">\n\t\t\t\t\t\t\t<li class=\"elementor-icon-list-item\">\n\t\t\t\t\t\t\t\t\t\t\t<span class=\"elementor-icon-list-icon\">\n\t\t\t\t\t\t\t<i aria-hidden=\"true\" class=\"far fa-circle\"><\/i>\t\t\t\t\t\t<\/span>\n\t\t\t\t\t\t\t\t\t\t<span class=\"elementor-icon-list-text\"><b>M\u00f3dulos 1 a 5:<\/b> 33 horas: 2 x semana 2h,30m (\u2245 7 semanas)<\/span>\n\t\t\t\t\t\t\t\t\t<\/li>\n\t\t\t\t\t\t\t\t<li class=\"elementor-icon-list-item\">\n\t\t\t\t\t\t\t\t\t\t\t<span class=\"elementor-icon-list-icon\">\n\t\t\t\t\t\t\t<i aria-hidden=\"true\" class=\"far fa-circle\"><\/i>\t\t\t\t\t\t<\/span>\n\t\t\t\t\t\t\t\t\t\t<span class=\"elementor-icon-list-text\"><b>M\u00f3dulo 6: <\/b>20 horas (datas e horas a definir com os formandos)<\/span>\n\t\t\t\t\t\t\t\t\t<\/li>\n\t\t\t\t\t\t\t\t<li class=\"elementor-icon-list-item\">\n\t\t\t\t\t\t\t\t\t\t\t<span class=\"elementor-icon-list-icon\">\n\t\t\t\t\t\t\t<i aria-hidden=\"true\" class=\"far fa-circle\"><\/i>\t\t\t\t\t\t<\/span>\n\t\t\t\t\t\t\t\t\t\t<span class=\"elementor-icon-list-text\"><b>Total dos todos os m\u00f3dulos:<\/b> 8 semanas<\/span>\n\t\t\t\t\t\t\t\t\t<\/li>\n\t\t\t\t\t\t<\/ul>\n\t\t\t\t\t\t<\/div>\n\t\t\t\t<\/div>\n\t\t\t\t\t<\/div>\n\t\t\t\t<\/div>\n\t\t<div class=\"elementor-element elementor-element-0216106 e-flex e-con-boxed wpr-particle-no wpr-jarallax-no wpr-parallax-no wpr-sticky-section-no wpr-equal-height-no e-con e-parent\" data-id=\"0216106\" data-element_type=\"container\" data-e-type=\"container\" data-settings=\"{&quot;background_background&quot;:&quot;classic&quot;,&quot;shape_divider_top&quot;:&quot;tilt&quot;}\">\n\t\t\t\t\t<div class=\"e-con-inner\">\n\t\t\t\t<div class=\"elementor-shape elementor-shape-top\" aria-hidden=\"true\" data-negative=\"false\">\n\t\t\t<svg xmlns=\"http:\/\/www.w3.org\/2000\/svg\" viewBox=\"0 0 1000 100\" preserveAspectRatio=\"none\">\n\t<path class=\"elementor-shape-fill\" d=\"M0,6V0h1000v100L0,6z\"\/>\n<\/svg>\t\t<\/div>\n\t\t\t\t<div class=\"elementor-element elementor-element-8485610 elementor-widget elementor-widget-image\" data-id=\"8485610\" data-element_type=\"widget\" data-e-type=\"widget\" data-widget_type=\"image.default\">\n\t\t\t\t\t\t\t\t\t\t\t\t\t\t\t<img decoding=\"async\" width=\"22\" height=\"185\" src=\"https:\/\/next.universitas.pt\/wp-content\/uploads\/2025\/10\/Line_2.png\" class=\"attachment-large size-large wp-image-1727\" alt=\"\" \/>\t\t\t\t\t\t\t\t\t\t\t\t\t\t\t<\/div>\n\t\t\t\t<div class=\"elementor-element elementor-element-becb3c7 elementor-widget elementor-widget-heading\" data-id=\"becb3c7\" data-element_type=\"widget\" data-e-type=\"widget\" data-widget_type=\"heading.default\">\n\t\t\t\t\t<h2 class=\"elementor-heading-title elementor-size-default\">03<\/h2>\t\t\t\t<\/div>\n\t\t\t\t\t<\/div>\n\t\t\t\t<\/div>\n\t\t<div class=\"elementor-element elementor-element-b0820a0 e-flex e-con-boxed wpr-particle-no wpr-jarallax-no wpr-parallax-no wpr-sticky-section-no wpr-equal-height-no e-con e-parent\" data-id=\"b0820a0\" data-element_type=\"container\" data-e-type=\"container\" data-settings=\"{&quot;background_background&quot;:&quot;classic&quot;,&quot;shape_divider_bottom&quot;:&quot;tilt&quot;}\">\n\t\t\t\t\t<div class=\"e-con-inner\">\n\t\t\t\t<div class=\"elementor-shape elementor-shape-bottom\" aria-hidden=\"true\" data-negative=\"false\">\n\t\t\t<svg xmlns=\"http:\/\/www.w3.org\/2000\/svg\" viewBox=\"0 0 1000 100\" preserveAspectRatio=\"none\">\n\t<path class=\"elementor-shape-fill\" d=\"M0,6V0h1000v100L0,6z\"\/>\n<\/svg>\t\t<\/div>\n\t\t<div class=\"elementor-element elementor-element-4007160 e-con-full e-flex wpr-particle-no wpr-jarallax-no wpr-parallax-no wpr-sticky-section-no wpr-equal-height-no elementor-invisible e-con e-child\" data-id=\"4007160\" data-element_type=\"container\" data-e-type=\"container\" data-settings=\"{&quot;animation&quot;:&quot;fadeInLeft&quot;}\">\n\t\t\t\t<div class=\"elementor-element elementor-element-a1ed12a elementor-widget elementor-widget-heading\" data-id=\"a1ed12a\" data-element_type=\"widget\" data-e-type=\"widget\" data-widget_type=\"heading.default\">\n\t\t\t\t\t<h2 class=\"elementor-heading-title elementor-size-default\">Coordena\u00e7\u00e3o<\/h2>\t\t\t\t<\/div>\n\t\t<div class=\"elementor-element elementor-element-22bb0b2 e-con-full e-flex wpr-particle-no wpr-jarallax-no wpr-parallax-no wpr-sticky-section-no wpr-equal-height-no e-con e-child\" data-id=\"22bb0b2\" data-element_type=\"container\" data-e-type=\"container\">\n\t\t\t\t<div class=\"elementor-element elementor-element-e459550 elementor-widget__width-initial elementor-widget elementor-widget-elementskit-team\" data-id=\"e459550\" data-element_type=\"widget\" data-e-type=\"widget\" data-widget_type=\"elementskit-team.default\">\n\t\t\t\t<div class=\"elementor-widget-container\">\n\t\t\t\t\t<div class=\"ekit-wid-con\">\t\t\t\t\t\t\t\t\n\t\t<div class=\"profile-card elementor-animation- text-left ekit-team-style-default\">\n\t\t\t\t\t\t\t<a aria-label=\"profile\" href=\"javascript:void(0)\" data-mfp-src=\"#ekit_team_modal_e459550_2012\" class=\"ekit-team-popup\">\n\t\t\t\n\t\t\t\t<div class=\"profile-header ekit-team-img ekit-img-overlay ekit-team-img-block\"  data-toggle=\"modal\" data-target=\"ekit_team_modal_#e459550_2012\" >\n\t\t\t\t\t<img fetchpriority=\"high\" decoding=\"async\" width=\"514\" height=\"514\" src=\"https:\/\/next.universitas.pt\/wp-content\/uploads\/2026\/01\/silvia_marques.jpg\" class=\"attachment-large size-large wp-image-2783\" alt=\"\" srcset=\"https:\/\/next.universitas.pt\/wp-content\/uploads\/2026\/01\/silvia_marques.jpg 514w, https:\/\/next.universitas.pt\/wp-content\/uploads\/2026\/01\/silvia_marques-300x300.jpg 300w, https:\/\/next.universitas.pt\/wp-content\/uploads\/2026\/01\/silvia_marques-150x150.jpg 150w\" sizes=\"(max-width: 514px) 100vw, 514px\" \/>\t\t\t\t<\/div><!-- .profile-header END -->\n\t\t\t\t\t\t\t<\/a>\n\t\t\t\n\n\t\t\t\t<div class=\"profile-body\">\n\t\t\t\t\t\n\t\t\t\t\t<h2 class=\"profile-title\">\n\t\t\t\t\t\t\t\t\t\t\t<a aria-label=\"profile\" href=\"javascript:void(0)\" data-mfp-src=\"#ekit_team_modal_e459550_2012\" class=\"ekit-team-popup\">\n\t\t\t\t\t\tS\u00edlvia Marques\t\t\t\t\t\t<\/a>\n\t\t\t\t\t\t\t\t\t\t\t<\/h2>\n\t\t\t\t\t<p class=\"profile-designation\">T\u00e9cnica de Contrata\u00e7\u00e3o P\u00fablica<\/p>\n\t\t\t\t\t\t\t\t\t<\/div><!-- .profile-body END -->\n\n\t\t\t\t\t\t\t\t<\/div>\n\t\t\t\t\t\t\t\n\t\t\t\n\t\t\t\t\t<div class=\"zoom-anim-dialog mfp-hide elementskit-team-popup team-popup-id-e459550\" id=\"ekit_team_modal_e459550_2012\" tabindex=\"-1\" role=\"dialog\" aria-modal=\"true\">\n\t\t\t\t<div class=\"modal-dialog modal-dialog-centered\" role=\"document\">\n\t\t\t\t\t<div class=\"modal-content\">\n\t\t\t\t\t\t<button type=\"button\" class=\"ekit-team-modal-close\">\n\t\t\t\t\t\t\t<i aria-hidden=\"true\" class=\"fas fa-times\"><\/i>\t\t\t\t\t\t<\/button>\n\n\t\t\t\t\t\t<div class=\"modal-body\">\n\t\t\t\t\t\t\t\t\t\t\t\t\t\t\t<div class=\"ekit-team-modal-img\">\n\t\t\t\t\t\t\t\t\t<img fetchpriority=\"high\" decoding=\"async\" width=\"514\" height=\"514\" src=\"https:\/\/next.universitas.pt\/wp-content\/uploads\/2026\/01\/silvia_marques.jpg\" class=\"attachment-large size-large wp-image-2783\" alt=\"\" srcset=\"https:\/\/next.universitas.pt\/wp-content\/uploads\/2026\/01\/silvia_marques.jpg 514w, https:\/\/next.universitas.pt\/wp-content\/uploads\/2026\/01\/silvia_marques-300x300.jpg 300w, https:\/\/next.universitas.pt\/wp-content\/uploads\/2026\/01\/silvia_marques-150x150.jpg 150w\" sizes=\"(max-width: 514px) 100vw, 514px\" \/>\t\t\t\t\t\t\t\t<\/div>\n\t\t\t\t\t\t\t\n\t\t\t\t\t\t\t<div class=\"ekit-team-modal-info has-img\">\n\t\t\t\t\t\t\t\t<h2 class=\"ekit-team-modal-title\">S\u00edlvia Marques<\/h2>\n\t\t\t\t\t\t\t\t<p class=\"ekit-team-modal-position\">T\u00e9cnica de Contrata\u00e7\u00e3o P\u00fablica<\/p>\n\n\t\t\t\t\t\t\t\t<div class=\"ekit-team-modal-content\">\n\t\t\t\t\t\t\t\t\t<p>Silvia Martins Marques \u00e9 uma profissional altamente qualificada e com uma experi\u00eancia consolidada de mais de 15 anos como T\u00e9cnica de Contrata\u00e7\u00e3o P\u00fablica, demonstrando um dom\u00ednio aprofundado do setor e das suas especificidades legais e processuais. A sua forma\u00e7\u00e3o \u00e9 ampla e rigorosamente focada no aperfei\u00e7oamento das pr\u00e1ticas de Contrata\u00e7\u00e3o P\u00fablica, com a inclus\u00e3o de importantes p\u00f3s-gradua\u00e7\u00f5es:<\/p>\n<p><b>Forma\u00e7\u00e3o Espec\u00edfica em Contrata\u00e7\u00e3o P\u00fablica<\/b>\n<ul><li>XV Curso de P\u00f3s-Gradua\u00e7\u00e3o em Contrata\u00e7\u00e3o P\u00fablica (2023\/2024), na Faculdade de Direito da Universidade de Coimbra\/CEDIPRE.<\/li>\n<li>Especializa\u00e7\u00e3o em compras e contrata\u00e7\u00e3o p\u00fablica (2017\/18) pelo INA, sob a orienta\u00e7\u00e3o do Dr. Fernando Martins, Presidente do IMPIC.<\/li><\/ul><\/p>\n<p><b>Outras P\u00f3s-Gradua\u00e7\u00f5es Relevantes <\/b>                                                                                                                                                                                                                                                                                                                                                                                                                                                     <ul><li> P\u00f3s-Gradua\u00e7\u00e3o em Administra\u00e7\u00e3o e Gest\u00e3o em Educa\u00e7\u00e3o (2019\/2020) no ISEC Lisboa.<\/li>\n<li>P\u00f3s-Gradua\u00e7\u00e3o em Media\u00e7\u00e3o de Conflitos (2019\/2020) na UA (Julgados de PAZ).<\/li>\n<li>Especializa\u00e7\u00e3o em Ci\u00eancias Documentais (Biblioteca e Arquivo) (2006\/2008) na Universidade Aut\u00f3noma de Lisboa.<\/li>\n<li>P\u00f3s-gradua\u00e7\u00e3o Hist\u00f3ria da arte contempor\u00e2nea (2006) na Universidade Nova, Lisboa (Portugal).<\/li><\/ul><\/p>\t\t\t\t\t\t\t\t<\/div>\n\n\t\t\t\t\t\t\t\t\n\t\t\t\t\t\t\t\t\t\t\t\t\t\t\t<\/div>\n\t\t\t\t\t\t<\/div>\n\t\t\t\t\t<\/div>\n\t\t\t\t<\/div>\n\t\t\t<\/div>\n\t\t\t\t<\/div>\t\t\t\t<\/div>\n\t\t\t\t<\/div>\n\t\t\t\t<div class=\"elementor-element elementor-element-9656a09 elementor-widget__width-initial elementor-widget elementor-widget-elementskit-team\" data-id=\"9656a09\" data-element_type=\"widget\" data-e-type=\"widget\" data-widget_type=\"elementskit-team.default\">\n\t\t\t\t<div class=\"elementor-widget-container\">\n\t\t\t\t\t<div class=\"ekit-wid-con\">\t\t\t\t\t\t\t\t\n\t\t<div class=\"profile-card elementor-animation- text-left ekit-team-style-default\">\n\t\t\t\t\t\t\t<a aria-label=\"profile\" href=\"javascript:void(0)\" data-mfp-src=\"#ekit_team_modal_9656a09_2012\" class=\"ekit-team-popup\">\n\t\t\t\n\t\t\t\t<div class=\"profile-header ekit-team-img ekit-img-overlay ekit-team-img-block\"  data-toggle=\"modal\" data-target=\"ekit_team_modal_#9656a09_2012\" >\n\t\t\t\t\t<img decoding=\"async\" width=\"514\" height=\"514\" src=\"https:\/\/next.universitas.pt\/wp-content\/uploads\/2026\/01\/filipa_rodrigues.jpg\" class=\"attachment-large size-large wp-image-3509\" alt=\"\" srcset=\"https:\/\/next.universitas.pt\/wp-content\/uploads\/2026\/01\/filipa_rodrigues.jpg 514w, https:\/\/next.universitas.pt\/wp-content\/uploads\/2026\/01\/filipa_rodrigues-300x300.jpg 300w, https:\/\/next.universitas.pt\/wp-content\/uploads\/2026\/01\/filipa_rodrigues-150x150.jpg 150w\" sizes=\"(max-width: 514px) 100vw, 514px\" \/>\t\t\t\t<\/div><!-- .profile-header END -->\n\t\t\t\t\t\t\t<\/a>\n\t\t\t\n\n\t\t\t\t<div class=\"profile-body\">\n\t\t\t\t\t\n\t\t\t\t\t<h2 class=\"profile-title\">\n\t\t\t\t\t\t\t\t\t\t\t<a aria-label=\"profile\" href=\"javascript:void(0)\" data-mfp-src=\"#ekit_team_modal_9656a09_2012\" class=\"ekit-team-popup\">\n\t\t\t\t\t\tFilipa Rodrigues\t\t\t\t\t\t<\/a>\n\t\t\t\t\t\t\t\t\t\t\t<\/h2>\n\t\t\t\t\t<p class=\"profile-designation\">Advogada<\/p>\n\t\t\t\t\t\t\t\t\t<\/div><!-- .profile-body END -->\n\n\t\t\t\t\t\t\t\t<\/div>\n\t\t\t\t\t\t\t\n\t\t\t\n\t\t\t\t\t<div class=\"zoom-anim-dialog mfp-hide elementskit-team-popup team-popup-id-9656a09\" id=\"ekit_team_modal_9656a09_2012\" tabindex=\"-1\" role=\"dialog\" aria-modal=\"true\">\n\t\t\t\t<div class=\"modal-dialog modal-dialog-centered\" role=\"document\">\n\t\t\t\t\t<div class=\"modal-content\">\n\t\t\t\t\t\t<button type=\"button\" class=\"ekit-team-modal-close\">\n\t\t\t\t\t\t\t<i aria-hidden=\"true\" class=\"fas fa-times\"><\/i>\t\t\t\t\t\t<\/button>\n\n\t\t\t\t\t\t<div class=\"modal-body\">\n\t\t\t\t\t\t\t\t\t\t\t\t\t\t\t<div class=\"ekit-team-modal-img\">\n\t\t\t\t\t\t\t\t\t<img decoding=\"async\" width=\"514\" height=\"514\" src=\"https:\/\/next.universitas.pt\/wp-content\/uploads\/2026\/01\/filipa_rodrigues.jpg\" class=\"attachment-large size-large wp-image-3509\" alt=\"\" srcset=\"https:\/\/next.universitas.pt\/wp-content\/uploads\/2026\/01\/filipa_rodrigues.jpg 514w, https:\/\/next.universitas.pt\/wp-content\/uploads\/2026\/01\/filipa_rodrigues-300x300.jpg 300w, https:\/\/next.universitas.pt\/wp-content\/uploads\/2026\/01\/filipa_rodrigues-150x150.jpg 150w\" sizes=\"(max-width: 514px) 100vw, 514px\" \/>\t\t\t\t\t\t\t\t<\/div>\n\t\t\t\t\t\t\t\n\t\t\t\t\t\t\t<div class=\"ekit-team-modal-info has-img\">\n\t\t\t\t\t\t\t\t<h2 class=\"ekit-team-modal-title\">Filipa Rodrigues<\/h2>\n\t\t\t\t\t\t\t\t<p class=\"ekit-team-modal-position\">Advogada<\/p>\n\n\t\t\t\t\t\t\t\t<div class=\"ekit-team-modal-content\">\n\t\t\t\t\t\t\t\t\t<p>Filipa Costa Rodrigues \u00e9 uma profissional com experi\u00eancia consolidada na \u00e1rea da Contrata\u00e7\u00e3o P\u00fablica, destacando-se pelo dom\u00ednio aprofundado do enquadramento legal e procedimental. Possui uma forma\u00e7\u00e3o s\u00f3lida e especializada, orientada para o aperfei\u00e7oamento cont\u00ednuo das pr\u00e1ticas de Contrata\u00e7\u00e3o P\u00fablica, tendo frequentado diversas forma\u00e7\u00f5es relevantes na \u00e1rea. Ao longo do seu percurso, tem desenvolvido e partilhado conhecimento t\u00e9cnico aplicado, contribuindo para a melhoria das pr\u00e1ticas e para a capacita\u00e7\u00e3o de profissionais do setor.<\/p>\n<p><b>Forma\u00e7\u00e3o Espec\u00edfica em Contrata\u00e7\u00e3o P\u00fablica<\/b>\n<ul><li>XV Curso de P\u00f3s-Gradua\u00e7\u00e3o em Contrata\u00e7\u00e3o P\u00fablica (2023\/2024), na Faculdade de Direito da Universidade de Coimbra\/CEDIPRE;<\/li>\n<li>Advogada desde 2021, tendo como \u00e1reas preferenciais o Direito P\u00fablico com particularidade no Direito Administrativo e Contrata\u00e7\u00e3o P\u00fablica;<\/li>\n<li>Assessora jur\u00eddica especializada no setor especial dos transportes desde 2023.<\/li><\/ul><\/p>\n<p><b>Outras Forma\u00e7\u00f5es Relevantes <\/b>                                                                                                                                                                                                                                                                                                                                                                                                                                                     <ul><li> Licenciatura em Direito (2013\/2027), pela Faculdade de Direito da Universidade de Coimbra;<\/li>\n<li>Mestrado em Direito: Especialidade em Ci\u00eancias Jur\u00eddico - Forenses, pela Faculdade de Direito da Universidade de Coimbra;<\/li>\n<li>Curso Breve sobre o Regime Jur\u00eddico do Servi\u00e7o P\u00fablico de Transporte de Passageiros, em celebra\u00e7\u00e3o aos 10 anos da Lei n.\u00ba 52\/2015 de 9 de junho, pela AEDREL -Associa\u00e7\u00e3o de Estudos de Direito Regional e Local;<\/li>\n<li>Curso de Especializa\u00e7\u00e3o em Direito da Prote\u00e7\u00e3o de Dados, pelo Instituto Jur\u00eddico da Comunica\u00e7\u00e3o da Faculdade de Direito da Universidade de Coimbra.<\/li><\/ul><\/p>\t\t\t\t\t\t\t\t<\/div>\n\n\t\t\t\t\t\t\t\t\n\t\t\t\t\t\t\t\t\t\t\t\t\t\t\t<\/div>\n\t\t\t\t\t\t<\/div>\n\t\t\t\t\t<\/div>\n\t\t\t\t<\/div>\n\t\t\t<\/div>\n\t\t\t\t<\/div>\t\t\t\t<\/div>\n\t\t\t\t<\/div>\n\t\t\t\t<\/div>\n\t\t\t\t<\/div>\n\t\t<div class=\"elementor-element elementor-element-2f94adb e-con-full e-flex wpr-particle-no wpr-jarallax-no wpr-parallax-no wpr-sticky-section-no wpr-equal-height-no elementor-invisible e-con e-child\" data-id=\"2f94adb\" data-element_type=\"container\" data-e-type=\"container\" data-settings=\"{&quot;animation&quot;:&quot;fadeInRight&quot;}\">\n\t\t\t\t<div class=\"elementor-element elementor-element-6656fe6 elementor-widget elementor-widget-heading\" data-id=\"6656fe6\" data-element_type=\"widget\" data-e-type=\"widget\" data-widget_type=\"heading.default\">\n\t\t\t\t\t<h2 class=\"elementor-heading-title elementor-size-default\">Estrutura<\/h2>\t\t\t\t<\/div>\n\t\t\t\t<div class=\"elementor-element elementor-element-4120208 elementor-align-start elementor-icon-list--layout-traditional elementor-list-item-link-full_width elementor-widget elementor-widget-icon-list\" data-id=\"4120208\" data-element_type=\"widget\" data-e-type=\"widget\" data-widget_type=\"icon-list.default\">\n\t\t\t\t\t\t\t<ul class=\"elementor-icon-list-items\">\n\t\t\t\t\t\t\t<li class=\"elementor-icon-list-item\">\n\t\t\t\t\t\t\t\t\t\t\t<span class=\"elementor-icon-list-icon\">\n\t\t\t\t\t\t\t<i aria-hidden=\"true\" class=\"far fa-circle\"><\/i>\t\t\t\t\t\t<\/span>\n\t\t\t\t\t\t\t\t\t\t<span class=\"elementor-icon-list-text\"><b>M\u00f3dulo 1: Contratos P\u00fablicos: quem, como, quais e onde?<\/b> <br>(10 horas \u2013 5 em forma\u00e7\u00e3o e 5 para trabalho aut\u00f3nomo com mentoria)<\/span>\n\t\t\t\t\t\t\t\t\t<\/li>\n\t\t\t\t\t\t\t\t<li class=\"elementor-icon-list-item\">\n\t\t\t\t\t\t\t\t\t\t\t<span class=\"elementor-icon-list-icon\">\n\t\t\t\t\t\t\t<i aria-hidden=\"true\" class=\"far fa-circle\"><\/i>\t\t\t\t\t\t<\/span>\n\t\t\t\t\t\t\t\t\t\t<span class=\"elementor-icon-list-text\"><b>M\u00f3dulo 2: Especificidades na elabora\u00e7\u00e3o das pe\u00e7as dos procedimentos <\/b><br>(15 horas \u2013 10 em forma\u00e7\u00e3o e 5 para estudo aut\u00f3nomo com mentoria)<\/span>\n\t\t\t\t\t\t\t\t\t<\/li>\n\t\t\t\t\t\t\t\t<li class=\"elementor-icon-list-item\">\n\t\t\t\t\t\t\t\t\t\t\t<span class=\"elementor-icon-list-icon\">\n\t\t\t\t\t\t\t<i aria-hidden=\"true\" class=\"far fa-circle\"><\/i>\t\t\t\t\t\t<\/span>\n\t\t\t\t\t\t\t\t\t\t<span class=\"elementor-icon-list-text\"><b>M\u00f3dulo 3: Gestor do contrato e j\u00fari: responsabilidades <\/b><br> (10 horas \u2013 4 em forma\u00e7\u00e3o e 6 para trabalho aut\u00f3nomo com mentoria)<\/span>\n\t\t\t\t\t\t\t\t\t<\/li>\n\t\t\t\t\t\t\t\t<li class=\"elementor-icon-list-item\">\n\t\t\t\t\t\t\t\t\t\t\t<span class=\"elementor-icon-list-icon\">\n\t\t\t\t\t\t\t<i aria-hidden=\"true\" class=\"far fa-circle\"><\/i>\t\t\t\t\t\t<\/span>\n\t\t\t\t\t\t\t\t\t\t<span class=\"elementor-icon-list-text\"><b>M\u00f3dulo 4: Portal BASE - Contratos P\u00fablicos Online<\/b><br>  (10 Horas \u2013 4 forma\u00e7\u00e3o e 6 para estudo aut\u00f3nomo com mentoria)<\/span>\n\t\t\t\t\t\t\t\t\t<\/li>\n\t\t\t\t\t\t<\/ul>\n\t\t\t\t\t\t<\/div>\n\t\t\t\t<\/div>\n\t\t\t\t\t<\/div>\n\t\t\t\t<\/div>\n\t\t<div class=\"elementor-element elementor-element-112dcf3 e-flex e-con-boxed wpr-particle-no wpr-jarallax-no wpr-parallax-no wpr-sticky-section-no wpr-equal-height-no e-con e-parent\" data-id=\"112dcf3\" data-element_type=\"container\" data-e-type=\"container\" data-settings=\"{&quot;background_background&quot;:&quot;classic&quot;}\">\n\t\t\t\t\t<div class=\"e-con-inner\">\n\t\t\t\t\t<\/div>\n\t\t\t\t<\/div>\n\t\t<div class=\"elementor-element elementor-element-24040a3 e-flex e-con-boxed wpr-particle-no wpr-jarallax-no wpr-parallax-no wpr-sticky-section-no wpr-equal-height-no e-con e-parent\" data-id=\"24040a3\" data-element_type=\"container\" data-e-type=\"container\" data-settings=\"{&quot;background_background&quot;:&quot;classic&quot;}\">\n\t\t\t\t\t<div class=\"e-con-inner\">\n\t\t\t\t<div class=\"elementor-element elementor-element-3bda7a5 elementor-widget elementor-widget-heading\" data-id=\"3bda7a5\" data-element_type=\"widget\" data-e-type=\"widget\" data-widget_type=\"heading.default\">\n\t\t\t\t\t<h2 class=\"elementor-heading-title elementor-size-default\">Certifica\u00e7\u00e3o<\/h2>\t\t\t\t<\/div>\n\t\t\t\t<div class=\"elementor-element elementor-element-2632228 elementor-widget elementor-widget-text-editor\" data-id=\"2632228\" data-element_type=\"widget\" data-e-type=\"widget\" data-widget_type=\"text-editor.default\">\n\t\t\t\t\t\t\t\t\t<p>A conclus\u00e3o, com aproveitamento, confere um Diploma de Forma\u00e7\u00e3o em &#8220;Do C\u00f3digo \u00e0 Pr\u00e1tica: O seu Curso de Contrata\u00e7\u00e3o P\u00fablica&#8221;, emitido pelo ISEC Lisboa, com a atribui\u00e7\u00e3o de cr\u00e9ditos ECTS (European Credit Transfer System).<\/p><p>A atribui\u00e7\u00e3o do diploma est\u00e1 condicionada \u00e0 aprova\u00e7\u00e3o em todos os elementos de avalia\u00e7\u00e3o definidos e a uma assiduidade m\u00ednima de 90% das horas letivas s\u00edncronas.<\/p>\t\t\t\t\t\t\t\t<\/div>\n\t\t\t\t<div class=\"elementor-element elementor-element-f836923 elementor-hidden-desktop elementor-hidden-laptop elementor-hidden-tablet elementor-hidden-mobile elementor-widget elementor-widget-heading\" data-id=\"f836923\" data-element_type=\"widget\" data-e-type=\"widget\" data-widget_type=\"heading.default\">\n\t\t\t\t\t<h2 class=\"elementor-heading-title elementor-size-default\">Parceiros<\/h2>\t\t\t\t<\/div>\n\t\t\t\t<div class=\"elementor-element elementor-element-a04459f elementor-hidden-desktop elementor-hidden-laptop elementor-hidden-tablet elementor-hidden-mobile elementor-widget elementor-widget-ucaddon_logo_grid\" data-id=\"a04459f\" data-element_type=\"widget\" data-e-type=\"widget\" data-widget_type=\"ucaddon_logo_grid.default\">\n\t\t\t\t<div class=\"elementor-widget-container\">\n\t\t\t\t\t\n<!-- start Logo Grid -->\n<style>\/* widget: Logo Grid *\/\n\n#uc_logo_grid_elementor_a04459f {\n  display: grid;\n}\n#uc_logo_grid_elementor_a04459f .ue-logo-title\n{\n  width:100%;\n  position:absolute;\n  bottom:0;\n  text-align:center;\n  left:0;\n}\n\n#uc_logo_grid_elementor_a04459f div.logo-grid-item\n{\ntext-align:center;\ndisplay:flex;\nflex-direction:column;\njustify-content:center;\nalign-items:center;\noverflow:hidden;\n  position:relative;\n  transition:0.3s;\n\n}\n\n#uc_logo_grid_elementor_a04459f div.logo-grid-item img\n{\nwidth:100%;\n  object-fit: contain;\n  display:block;\n  mix-blend-mode: normal;\n  position:absolute;\n  top:0;\n  left:0;\n  right:0;\n  bottom:0;\n  height:100%;\n  transition:0.3s;\n}\n\n\n\n#uc_logo_grid_elementor_a04459f a\n{\n  display:block;\n  position:absolute;\n  top:0;\n  left:0;\n  right:0;\n  bottom:0;\n  cursor:pointer;\n  display:flex;\njustify-content:center;\nalign-items:center;\n}\n\n<\/style>\n\n<div id=\"uc_logo_grid_elementor_a04459f\" class=\"ue-logo-grid uc-items-wrapper \" >\n\t\t   <div class=\"logo-grid-item elementor-animation-float\" >\n   \n\t<a href=\"#\" > \n\t\n  \n    <img loading=\"lazy\" decoding=\"async\" src=\"https:\/\/next.universitas.pt\/wp-content\/uploads\/2025\/10\/LOGO-1.png\" title=\"Logo\"  src=\"https:\/\/next.universitas.pt\/wp-content\/uploads\/2025\/10\/LOGO-1.png\" alt=\"LOGO\" width=\"146\" height=\"37\">\n      \t\n      \n  <\/a>\n  \t\n<\/div>\n<div class=\"logo-grid-item elementor-animation-float\" >\n   \n\t<a href=\"#\" > \n\t\n  \n    <img loading=\"lazy\" decoding=\"async\" src=\"https:\/\/next.universitas.pt\/wp-content\/uploads\/2025\/10\/LOGO-1.png\" title=\"Logo\"  src=\"https:\/\/next.universitas.pt\/wp-content\/uploads\/2025\/10\/LOGO-1.png\" alt=\"LOGO\" width=\"146\" height=\"37\">\n      \t\n      \n  <\/a>\n  \t\n<\/div>\n<div class=\"logo-grid-item elementor-animation-float\" >\n   \n\t<a href=\"#\" > \n\t\n  \n    <img loading=\"lazy\" decoding=\"async\" src=\"https:\/\/next.universitas.pt\/wp-content\/uploads\/2025\/10\/LOGO-1.png\" title=\"Logo\"  src=\"https:\/\/next.universitas.pt\/wp-content\/uploads\/2025\/10\/LOGO-1.png\" alt=\"LOGO\" width=\"146\" height=\"37\">\n      \t\n      \n  <\/a>\n  \t\n<\/div>\n<div class=\"logo-grid-item elementor-animation-float\" >\n   \n\t<a href=\"#\" > \n\t\n  \n    <img loading=\"lazy\" decoding=\"async\" src=\"https:\/\/next.universitas.pt\/wp-content\/uploads\/2025\/10\/LOGO-1.png\" title=\"Logo\"  src=\"https:\/\/next.universitas.pt\/wp-content\/uploads\/2025\/10\/LOGO-1.png\" alt=\"LOGO\" width=\"146\" height=\"37\">\n      \t\n      \n  <\/a>\n  \t\n<\/div>\n<div class=\"logo-grid-item elementor-animation-float\" >\n   \n\t<a href=\"#\" > \n\t\n  \n    <img loading=\"lazy\" decoding=\"async\" src=\"https:\/\/next.universitas.pt\/wp-content\/uploads\/2025\/10\/LOGO-1.png\" title=\"Logo\"  src=\"https:\/\/next.universitas.pt\/wp-content\/uploads\/2025\/10\/LOGO-1.png\" alt=\"LOGO\" width=\"146\" height=\"37\">\n      \t\n      \n  <\/a>\n  \t\n<\/div>\n<div class=\"logo-grid-item elementor-animation-float\" >\n   \n\t<a href=\"#\" > \n\t\n  \n    <img loading=\"lazy\" decoding=\"async\" src=\"https:\/\/next.universitas.pt\/wp-content\/uploads\/2025\/10\/LOGO-1.png\" title=\"Logo\"  src=\"https:\/\/next.universitas.pt\/wp-content\/uploads\/2025\/10\/LOGO-1.png\" alt=\"LOGO\" width=\"146\" height=\"37\">\n      \t\n      \n  <\/a>\n  \t\n<\/div>\n\n    <\/div>\n<!-- end Logo Grid -->\t\t\t\t<\/div>\n\t\t\t\t<\/div>\n\t\t\t\t\t<\/div>\n\t\t\t\t<\/div>\n\t\t\t\t<\/div>\n\t\t","protected":false},"excerpt":{"rendered":"<p>Forma\u00e7\u00e3o Avan\u00e7ada Do C\u00f3digo \u00e0 Pr\u00e1tica: Curso para a Contrata\u00e7\u00e3o P\u00fablica 18 maio 2026 2.\u00aa e 5.\u00aa Feiras &#8211; 18:00 \u00e0s 20:30 Online 8 semanas 900 \u20ac Download Brochura Candidate-se aqui! 01 O Programa A contrata\u00e7\u00e3o p\u00fablica \u00e9 um instrumento estrat\u00e9gico para a prossecu\u00e7\u00e3o do interesse p\u00fablico, assegurando a utiliza\u00e7\u00e3o eficiente, transparente e respons\u00e1vel dos recursos p\u00fablicos. Para o setor p\u00fablico, permite concretizar pol\u00edticas p\u00fablicas, promover a inova\u00e7\u00e3o, a sustentabilidade e a coes\u00e3o territorial. Para as empresas, representa uma oportunidade relevante de acesso a mercados est\u00e1veis, incentivo \u00e0 competitividade, \u00e0 qualifica\u00e7\u00e3o e \u00e0 ado\u00e7\u00e3o de boas pr\u00e1ticas, refor\u00e7ando o desenvolvimento econ\u00f3mico e social. Este programa endere\u00e7a as duas dimens\u00f5es: a Forma\u00e7\u00e3o Te\u00f3rica e o Enquadramento Legal robustos s\u00e3o fundamentais para capacitar atuais e futuros t\u00e9cnicos de contrata\u00e7\u00e3o p\u00fablica. Contudo, o verdadeiro desafio reside na execu\u00e7\u00e3o: o correto preenchimento de registos obrigat\u00f3rios (DR e JOUE), a navega\u00e7\u00e3o nos portais e plataformas eletr\u00f3nicas e acessos. O objetivo central desta forma\u00e7\u00e3o \u00e9 garantir que cada formando atinja a autonomia total no desempenho das suas fun\u00e7\u00f5es, com uma forte \u00eanfase no Planeamento e Organiza\u00e7\u00e3o. 02 Destinat\u00e1rios Qualquer pessoa que trabalhe ou deseje iniciar fun\u00e7\u00f5es na Contrata\u00e7\u00e3o P\u00fablica, sobretudo t\u00e9cnicos, n\u00e3o juristas. Especialmente, para profissionais que sintam a necessidade de suporte pr\u00e1tico e especializado para resolver os desafios do dia a dia, nomeadamente a cria\u00e7\u00e3o de pe\u00e7as procedimentais, a gest\u00e3o de plataformas eletr\u00f3nicas e a garantia de rigor no planeamento e registos obrigat\u00f3rios. Dura\u00e7\u00e3o e Hor\u00e1rio O curso tem a dura\u00e7\u00e3o total de 53 horas e \u00e9 ministrado em formato totalmente online. M\u00f3dulos 1 a 5: 33 horas: 2 x semana 2h,30m (\u2245 7 semanas) M\u00f3dulo 6: 20 horas (datas e horas a definir com os formandos) Total dos todos os m\u00f3dulos: 8 semanas 03 Coordena\u00e7\u00e3o S\u00edlvia Marques T\u00e9cnica de Contrata\u00e7\u00e3o P\u00fablica S\u00edlvia Marques T\u00e9cnica de Contrata\u00e7\u00e3o P\u00fablica Silvia Martins Marques \u00e9 uma profissional altamente qualificada e com uma experi\u00eancia consolidada de mais de 15 anos como T\u00e9cnica de Contrata\u00e7\u00e3o P\u00fablica, demonstrando um dom\u00ednio aprofundado do setor e das suas especificidades legais e processuais. A sua forma\u00e7\u00e3o \u00e9 ampla e rigorosamente focada no aperfei\u00e7oamento das pr\u00e1ticas de Contrata\u00e7\u00e3o P\u00fablica, com a inclus\u00e3o de importantes p\u00f3s-gradua\u00e7\u00f5es: Forma\u00e7\u00e3o Espec\u00edfica em Contrata\u00e7\u00e3o P\u00fablica XV Curso de P\u00f3s-Gradua\u00e7\u00e3o em Contrata\u00e7\u00e3o P\u00fablica (2023\/2024), na Faculdade de Direito da Universidade de Coimbra\/CEDIPRE. Especializa\u00e7\u00e3o em compras e contrata\u00e7\u00e3o p\u00fablica (2017\/18) pelo INA, sob a orienta\u00e7\u00e3o do Dr. Fernando Martins, Presidente do IMPIC. Outras P\u00f3s-Gradua\u00e7\u00f5es Relevantes P\u00f3s-Gradua\u00e7\u00e3o em Administra\u00e7\u00e3o e Gest\u00e3o em Educa\u00e7\u00e3o (2019\/2020) no ISEC Lisboa. P\u00f3s-Gradua\u00e7\u00e3o em Media\u00e7\u00e3o de Conflitos (2019\/2020) na UA (Julgados de PAZ). Especializa\u00e7\u00e3o em Ci\u00eancias Documentais (Biblioteca e Arquivo) (2006\/2008) na Universidade Aut\u00f3noma de Lisboa. P\u00f3s-gradua\u00e7\u00e3o Hist\u00f3ria da arte contempor\u00e2nea (2006) na Universidade Nova, Lisboa (Portugal). Filipa Rodrigues Advogada Filipa Rodrigues Advogada Filipa Costa Rodrigues \u00e9 uma profissional com experi\u00eancia consolidada na \u00e1rea da Contrata\u00e7\u00e3o P\u00fablica, destacando-se pelo dom\u00ednio aprofundado do enquadramento legal e procedimental. Possui uma forma\u00e7\u00e3o s\u00f3lida e especializada, orientada para o aperfei\u00e7oamento cont\u00ednuo das pr\u00e1ticas de Contrata\u00e7\u00e3o P\u00fablica, tendo frequentado diversas forma\u00e7\u00f5es relevantes na \u00e1rea. Ao longo do seu percurso, tem desenvolvido e partilhado conhecimento t\u00e9cnico aplicado, contribuindo para a melhoria das pr\u00e1ticas e para a capacita\u00e7\u00e3o de profissionais do setor. Forma\u00e7\u00e3o Espec\u00edfica em Contrata\u00e7\u00e3o P\u00fablica XV Curso de P\u00f3s-Gradua\u00e7\u00e3o em Contrata\u00e7\u00e3o P\u00fablica (2023\/2024), na Faculdade de Direito da Universidade de Coimbra\/CEDIPRE; Advogada desde 2021, tendo como \u00e1reas preferenciais o Direito P\u00fablico com particularidade no Direito Administrativo e Contrata\u00e7\u00e3o P\u00fablica; Assessora jur\u00eddica especializada no setor especial dos transportes desde 2023. Outras Forma\u00e7\u00f5es Relevantes Licenciatura em Direito (2013\/2027), pela Faculdade de Direito da Universidade de Coimbra; Mestrado em Direito: Especialidade em Ci\u00eancias Jur\u00eddico &#8211; Forenses, pela Faculdade de Direito da Universidade de Coimbra; Curso Breve sobre o Regime Jur\u00eddico do Servi\u00e7o P\u00fablico de Transporte de Passageiros, em celebra\u00e7\u00e3o aos 10 anos da Lei n.\u00ba 52\/2015 de 9 de junho, pela AEDREL -Associa\u00e7\u00e3o de Estudos de Direito Regional e Local; Curso de Especializa\u00e7\u00e3o em Direito da Prote\u00e7\u00e3o de Dados, pelo Instituto Jur\u00eddico da Comunica\u00e7\u00e3o da Faculdade de Direito da Universidade de Coimbra. Estrutura M\u00f3dulo 1: Contratos P\u00fablicos: quem, como, quais e onde? (10 horas \u2013 5 em forma\u00e7\u00e3o e 5 para trabalho aut\u00f3nomo com mentoria) M\u00f3dulo 2: Especificidades na elabora\u00e7\u00e3o das pe\u00e7as dos procedimentos (15 horas \u2013 10 em forma\u00e7\u00e3o e 5 para estudo aut\u00f3nomo com mentoria) M\u00f3dulo 3: Gestor do contrato e j\u00fari: responsabilidades (10 horas \u2013 4 em forma\u00e7\u00e3o e 6 para trabalho aut\u00f3nomo com mentoria) M\u00f3dulo 4: Portal BASE &#8211; Contratos P\u00fablicos Online (10 Horas \u2013 4 forma\u00e7\u00e3o e 6 para estudo aut\u00f3nomo com mentoria) Certifica\u00e7\u00e3o A conclus\u00e3o, com aproveitamento, confere um Diploma de Forma\u00e7\u00e3o em &#8220;Do C\u00f3digo \u00e0 Pr\u00e1tica: O seu Curso de Contrata\u00e7\u00e3o P\u00fablica&#8221;, emitido pelo ISEC Lisboa, com a atribui\u00e7\u00e3o de cr\u00e9ditos ECTS (European Credit Transfer System). A atribui\u00e7\u00e3o do diploma est\u00e1 condicionada \u00e0 aprova\u00e7\u00e3o em todos os elementos de avalia\u00e7\u00e3o definidos e a uma assiduidade m\u00ednima de 90% das horas letivas s\u00edncronas. Parceiros<\/p>\n","protected":false},"author":1,"featured_media":0,"parent":0,"menu_order":0,"comment_status":"closed","ping_status":"closed","template":"elementor_canvas","meta":{"om_disable_all_campaigns":false,"_monsterinsights_skip_tracking":false,"_monsterinsights_sitenote_active":false,"_monsterinsights_sitenote_note":"","_monsterinsights_sitenote_category":0,"footnotes":""},"class_list":["post-2012","page","type-page","status-publish","hentry"],"aioseo_notices":[],"_links":{"self":[{"href":"https:\/\/next.universitas.pt\/index.php\/wp-json\/wp\/v2\/pages\/2012","targetHints":{"allow":["GET"]}}],"collection":[{"href":"https:\/\/next.universitas.pt\/index.php\/wp-json\/wp\/v2\/pages"}],"about":[{"href":"https:\/\/next.universitas.pt\/index.php\/wp-json\/wp\/v2\/types\/page"}],"author":[{"embeddable":true,"href":"https:\/\/next.universitas.pt\/index.php\/wp-json\/wp\/v2\/users\/1"}],"replies":[{"embeddable":true,"href":"https:\/\/next.universitas.pt\/index.php\/wp-json\/wp\/v2\/comments?post=2012"}],"version-history":[{"count":9,"href":"https:\/\/next.universitas.pt\/index.php\/wp-json\/wp\/v2\/pages\/2012\/revisions"}],"predecessor-version":[{"id":3769,"href":"https:\/\/next.universitas.pt\/index.php\/wp-json\/wp\/v2\/pages\/2012\/revisions\/3769"}],"wp:attachment":[{"href":"https:\/\/next.universitas.pt\/index.php\/wp-json\/wp\/v2\/media?parent=2012"}],"curies":[{"name":"wp","href":"https:\/\/api.w.org\/{rel}","templated":true}]}}