{"id":2456,"date":"2025-12-04T17:31:23","date_gmt":"2025-12-04T17:31:23","guid":{"rendered":"https:\/\/next.universitas.pt\/?page_id=2456"},"modified":"2026-04-28T13:52:22","modified_gmt":"2026-04-28T13:52:22","slug":"gestao-de-candidaturas-a-financiamento-publico-para-a-inovacao","status":"publish","type":"page","link":"https:\/\/next.universitas.pt\/index.php\/gestao-de-candidaturas-a-financiamento-publico-para-a-inovacao\/","title":{"rendered":"Gest\u00e3o de Candidaturas a Financiamento P\u00fablico para a Inova\u00e7\u00e3o"},"content":{"rendered":"\t\t<div data-elementor-type=\"wp-page\" data-elementor-id=\"2456\" class=\"elementor elementor-2456\" data-elementor-post-type=\"page\">\n\t\t\t\t<div class=\"elementor-element elementor-element-df64cc4 e-flex e-con-boxed wpr-particle-no wpr-jarallax-no wpr-parallax-no wpr-sticky-section-no wpr-equal-height-no e-con e-parent\" data-id=\"df64cc4\" data-element_type=\"container\" data-e-type=\"container\" data-settings=\"{&quot;background_background&quot;:&quot;classic&quot;,&quot;shape_divider_bottom&quot;:&quot;tilt&quot;}\">\n\t\t\t\t\t<div class=\"e-con-inner\">\n\t\t\t\t<div class=\"elementor-shape elementor-shape-bottom\" aria-hidden=\"true\" data-negative=\"false\">\n\t\t\t<svg xmlns=\"http:\/\/www.w3.org\/2000\/svg\" viewBox=\"0 0 1000 100\" preserveAspectRatio=\"none\">\n\t<path class=\"elementor-shape-fill\" d=\"M0,6V0h1000v100L0,6z\"\/>\n<\/svg>\t\t<\/div>\n\t\t<div class=\"elementor-element elementor-element-8049297 e-flex e-con-boxed wpr-particle-no wpr-jarallax-no wpr-parallax-no wpr-sticky-section-no wpr-equal-height-no e-con e-child\" data-id=\"8049297\" data-element_type=\"container\" data-e-type=\"container\">\n\t\t\t\t\t<div class=\"e-con-inner\">\n\t\t\t\t<div class=\"elementor-element elementor-element-29fa9ba elementor-position-inline-start elementor-mobile-position-inline-start elementor-view-default elementor-widget elementor-widget-icon-box\" data-id=\"29fa9ba\" data-element_type=\"widget\" data-e-type=\"widget\" data-widget_type=\"icon-box.default\">\n\t\t\t\t\t\t\t<div class=\"elementor-icon-box-wrapper\">\n\n\t\t\t\t\t\t<div class=\"elementor-icon-box-icon\">\n\t\t\t\t<span  class=\"elementor-icon\">\n\t\t\t\t<i aria-hidden=\"true\" class=\"icon icon-right-arrow\"><\/i>\t\t\t\t<\/span>\n\t\t\t<\/div>\n\t\t\t\n\t\t\t\t\t\t<div class=\"elementor-icon-box-content\">\n\n\t\t\t\t\t\t\t\t\t<h3 class=\"elementor-icon-box-title\">\n\t\t\t\t\t\t<span  >\n\t\t\t\t\t\t\tForma\u00e7\u00e3o Avan\u00e7ada\t\t\t\t\t\t<\/span>\n\t\t\t\t\t<\/h3>\n\t\t\t\t\n\t\t\t\t\n\t\t\t<\/div>\n\t\t\t\n\t\t<\/div>\n\t\t\t\t\t\t<\/div>\n\t\t\t\t<div class=\"elementor-element elementor-element-619b198 elementor-widget elementor-widget-heading\" data-id=\"619b198\" data-element_type=\"widget\" data-e-type=\"widget\" data-widget_type=\"heading.default\">\n\t\t\t\t\t<h2 class=\"elementor-heading-title elementor-size-default\">Gest\u00e3o de Candidaturas a Financiamento P\u00fablico para a Inova\u00e7\u00e3o<\/h2>\t\t\t\t<\/div>\n\t\t\t\t<div class=\"elementor-element elementor-element-2d1e4fc elementor-align-start elementor-icon-list--layout-traditional elementor-list-item-link-full_width elementor-widget elementor-widget-icon-list\" data-id=\"2d1e4fc\" data-element_type=\"widget\" data-e-type=\"widget\" data-widget_type=\"icon-list.default\">\n\t\t\t\t\t\t\t<ul class=\"elementor-icon-list-items\">\n\t\t\t\t\t\t\t<li class=\"elementor-icon-list-item\">\n\t\t\t\t\t\t\t\t\t\t\t<span class=\"elementor-icon-list-icon\">\n\t\t\t\t\t\t\t<i aria-hidden=\"true\" class=\"far fa-calendar\"><\/i>\t\t\t\t\t\t<\/span>\n\t\t\t\t\t\t\t\t\t\t<span class=\"elementor-icon-list-text\">28 maio 2026<\/span>\n\t\t\t\t\t\t\t\t\t<\/li>\n\t\t\t\t\t\t\t\t<li class=\"elementor-icon-list-item\">\n\t\t\t\t\t\t\t\t\t\t\t<span class=\"elementor-icon-list-icon\">\n\t\t\t\t\t\t\t<i aria-hidden=\"true\" class=\"far fa-clock\"><\/i>\t\t\t\t\t\t<\/span>\n\t\t\t\t\t\t\t\t\t\t<span class=\"elementor-icon-list-text\">5.\u00aa Feiras - 16:00 \u00e0s 18:00<\/span>\n\t\t\t\t\t\t\t\t\t<\/li>\n\t\t\t\t\t\t\t\t<li class=\"elementor-icon-list-item\">\n\t\t\t\t\t\t\t\t\t\t\t<span class=\"elementor-icon-list-icon\">\n\t\t\t\t\t\t\t<i aria-hidden=\"true\" class=\"fas fa-layer-group\"><\/i>\t\t\t\t\t\t<\/span>\n\t\t\t\t\t\t\t\t\t\t<span class=\"elementor-icon-list-text\">Online<\/span>\n\t\t\t\t\t\t\t\t\t<\/li>\n\t\t\t\t\t\t\t\t<li class=\"elementor-icon-list-item\">\n\t\t\t\t\t\t\t\t\t\t\t<span class=\"elementor-icon-list-icon\">\n\t\t\t\t\t\t\t<i aria-hidden=\"true\" class=\"far fa-clock\"><\/i>\t\t\t\t\t\t<\/span>\n\t\t\t\t\t\t\t\t\t\t<span class=\"elementor-icon-list-text\">5 semanas<\/span>\n\t\t\t\t\t\t\t\t\t<\/li>\n\t\t\t\t\t\t\t\t<li class=\"elementor-icon-list-item\">\n\t\t\t\t\t\t\t\t\t\t\t<span class=\"elementor-icon-list-icon\">\n\t\t\t\t\t\t\t<i aria-hidden=\"true\" class=\"fas fa-euro-sign\"><\/i>\t\t\t\t\t\t<\/span>\n\t\t\t\t\t\t\t\t\t\t<span class=\"elementor-icon-list-text\">700 \u20ac<\/span>\n\t\t\t\t\t\t\t\t\t<\/li>\n\t\t\t\t\t\t<\/ul>\n\t\t\t\t\t\t<\/div>\n\t\t\t\t<div class=\"elementor-element elementor-element-86c8199 elementor-widget elementor-widget-ucaddon_blox_btn_group\" data-id=\"86c8199\" data-element_type=\"widget\" data-e-type=\"widget\" data-widget_type=\"ucaddon_blox_btn_group.default\">\n\t\t\t\t<div class=\"elementor-widget-container\">\n\t\t\t\t\t\n<!-- start Button Group -->\n\t\t<link id='font-awesome-css' href='https:\/\/next.universitas.pt\/wp-content\/plugins\/unlimited-elements-for-elementor\/assets_libraries\/font-awesome6\/fontawesome-all.min.css' type='text\/css' rel='stylesheet' >\n\t\t<link id='font-awesome-4-shim-css' href='https:\/\/next.universitas.pt\/wp-content\/plugins\/unlimited-elements-for-elementor\/assets_libraries\/font-awesome6\/fontawesome-v4-shims.min.css' type='text\/css' rel='stylesheet' >\n\n<style>\/* widget: Button Group *\/\n\n#uc_blox_btn_group_elementor_86c8199\n{\n  display:flex;\n  flex-wrap: wrap;\n}\n\n#uc_blox_btn_group_elementor_86c8199 a\n{\n  display:block;\n  text-decoration:none;\n  transition:0.3s;\n\n}\n\n#uc_blox_btn_group_elementor_86c8199 .blox_btn_group_inner\n{\n  display:inline-flex;\n  align-items:center;\n}\n\n#uc_blox_btn_group_elementor_86c8199 .blox_btn_group_inner .ue-btn-icon\n{\n  line-height:1em;\n}\n\n#uc_blox_btn_group_elementor_86c8199 .blox_btn_group_inner .ue-btn-icon svg\n{\n  height:1em;\n  width:1em;\n}\n\n<\/style>\n\n<div id=\"uc_blox_btn_group_elementor_86c8199\" class=\"blox_btn_group uc-items-wrapper \" >\n  <a class=\"elementor-repeater-item-fca0e17 \" href=\"https:\/\/next.universitas.pt\/index.php\/receber-brochura-por-email-gestao-de-candidaturas\/\" id=\"uc_blox_btn_group_elementor_86c8199_item1\"  target='_blank'>\n  <div class=\"blox_btn_group_inner\">\n        <div class=\"ue-btn-txt\">Download Brochura<\/div>\n  <\/div>\n<\/a>\n\n  \n\n\n<\/div>\n<!-- end Button Group -->\t\t\t\t<\/div>\n\t\t\t\t<\/div>\n\t\t\t\t<div class=\"elementor-element elementor-element-8c4ed90 animated-slow wpr-button-icon-style-inline wpr-button-icon-position-right elementor-widget elementor-widget-wpr-button\" data-id=\"8c4ed90\" data-element_type=\"widget\" data-e-type=\"widget\" data-settings=\"{&quot;_animation&quot;:&quot;none&quot;}\" data-widget_type=\"wpr-button.default\">\n\t\t\t\t\t\t\n\t\t\t\n\t\t\n\t\t<div class=\"wpr-button-wrap elementor-clearfix\">\n\t\t<a class=\"wpr-button wpr-button-effect wpr-button-none\" data-text=\"\" href=\"https:\/\/next.universitas.pt\/index.php\/candidatura-ao-programa-gestao-de-candidaturas\/\" target=\"_blank\">\n\t\t\t\n\t\t\t<span class=\"wpr-button-content\">\n\t\t\t\t\t\t\t\t\t<span class=\"wpr-button-text\">Candidate-se aqui!<\/span>\n\t\t\t\t\t\t\t\t\n\t\t\t\t\t\t\t<\/span>\n\t\t<\/a>\n\n\t\t\t\t<\/div>\n\t\n\t\n\t\t\t\t\t<\/div>\n\t\t\t\t\t<\/div>\n\t\t\t\t<\/div>\n\t\t<div class=\"elementor-element elementor-element-9427a83 e-con-full elementor-hidden-mobile e-flex wpr-particle-no wpr-jarallax-no wpr-parallax-no wpr-sticky-section-no wpr-equal-height-no e-con e-child\" data-id=\"9427a83\" data-element_type=\"container\" data-e-type=\"container\">\n\t\t\t\t<\/div>\n\t\t\t\t\t<\/div>\n\t\t\t\t<\/div>\n\t\t<div class=\"elementor-element elementor-element-65d471c e-flex e-con-boxed wpr-particle-no wpr-jarallax-no wpr-parallax-no wpr-sticky-section-no wpr-equal-height-no e-con e-parent\" data-id=\"65d471c\" data-element_type=\"container\" data-e-type=\"container\" data-settings=\"{&quot;background_background&quot;:&quot;classic&quot;}\">\n\t\t\t\t\t<div class=\"e-con-inner\">\n\t\t\t\t<div class=\"elementor-element elementor-element-5400a3e elementor-widget elementor-widget-image\" data-id=\"5400a3e\" data-element_type=\"widget\" data-e-type=\"widget\" data-widget_type=\"image.default\">\n\t\t\t\t\t\t\t\t\t\t\t\t\t\t\t<img decoding=\"async\" width=\"22\" height=\"185\" src=\"https:\/\/next.universitas.pt\/wp-content\/uploads\/2025\/10\/Line_2.png\" class=\"attachment-large size-large wp-image-1727\" alt=\"\" \/>\t\t\t\t\t\t\t\t\t\t\t\t\t\t\t<\/div>\n\t\t\t\t<div class=\"elementor-element elementor-element-bf9bcb8 elementor-widget elementor-widget-heading\" data-id=\"bf9bcb8\" data-element_type=\"widget\" data-e-type=\"widget\" data-widget_type=\"heading.default\">\n\t\t\t\t\t<h2 class=\"elementor-heading-title elementor-size-default\">01<\/h2>\t\t\t\t<\/div>\n\t\t\t\t\t<\/div>\n\t\t\t\t<\/div>\n\t\t<div class=\"elementor-element elementor-element-6226e62 e-transform e-flex e-con-boxed wpr-particle-no wpr-jarallax-no wpr-parallax-no wpr-sticky-section-no wpr-equal-height-no e-con e-parent\" data-id=\"6226e62\" data-element_type=\"container\" data-e-type=\"container\" data-settings=\"{&quot;background_background&quot;:&quot;classic&quot;,&quot;shape_divider_bottom&quot;:&quot;tilt&quot;,&quot;_transform_rotateZ_effect&quot;:{&quot;unit&quot;:&quot;px&quot;,&quot;size&quot;:&quot;&quot;,&quot;sizes&quot;:[]},&quot;_transform_rotateZ_effect_laptop&quot;:{&quot;unit&quot;:&quot;deg&quot;,&quot;size&quot;:&quot;&quot;,&quot;sizes&quot;:[]},&quot;_transform_rotateZ_effect_tablet&quot;:{&quot;unit&quot;:&quot;deg&quot;,&quot;size&quot;:&quot;&quot;,&quot;sizes&quot;:[]},&quot;_transform_rotateZ_effect_mobile&quot;:{&quot;unit&quot;:&quot;deg&quot;,&quot;size&quot;:&quot;&quot;,&quot;sizes&quot;:[]}}\">\n\t\t\t\t\t<div class=\"e-con-inner\">\n\t\t\t\t<div class=\"elementor-shape elementor-shape-bottom\" aria-hidden=\"true\" data-negative=\"false\">\n\t\t\t<svg xmlns=\"http:\/\/www.w3.org\/2000\/svg\" viewBox=\"0 0 1000 100\" preserveAspectRatio=\"none\">\n\t<path class=\"elementor-shape-fill\" d=\"M0,6V0h1000v100L0,6z\"\/>\n<\/svg>\t\t<\/div>\n\t\t<div class=\"elementor-element elementor-element-60f4d6b e-con-full e-flex wpr-particle-no wpr-jarallax-no wpr-parallax-no wpr-sticky-section-no wpr-equal-height-no elementor-invisible e-con e-child\" data-id=\"60f4d6b\" data-element_type=\"container\" data-e-type=\"container\" data-settings=\"{&quot;animation&quot;:&quot;fadeInLeft&quot;}\">\n\t\t\t\t<div class=\"elementor-element elementor-element-2083856 elementor-widget elementor-widget-heading\" data-id=\"2083856\" data-element_type=\"widget\" data-e-type=\"widget\" data-widget_type=\"heading.default\">\n\t\t\t\t\t<h2 class=\"elementor-heading-title elementor-size-default\">Programa<\/h2>\t\t\t\t<\/div>\n\t\t\t\t<div class=\"elementor-element elementor-element-82930d2 elementor-widget elementor-widget-text-editor\" data-id=\"82930d2\" data-element_type=\"widget\" data-e-type=\"widget\" data-widget_type=\"text-editor.default\">\n\t\t\t\t\t\t\t\t\t<p>Num contexto em que a competitividade das organiza\u00e7\u00f5es depende cada vez mais da sua capacidade de inova\u00e7\u00e3o, o acesso a financiamento p\u00fablico nacional e europeu tornou-se um fator cr\u00edtico para viabilizar projetos, reduzir risco e acelerar o crescimento. Muitos projetos com elevado potencial ficam, por\u00e9m, pelo caminho por falta de alinhamento com os programas de apoio ou fraca prepara\u00e7\u00e3o t\u00e9cnica e financeira. Este curso responde diretamente a esse desafio, oferecendo a decisores, gestores de inova\u00e7\u00e3o, gestores de projeto e coordenadores de I&amp;D uma abordagem pr\u00e1tica, orientada para a realidade das organiza\u00e7\u00f5es, sobre como transformar ideias e investimentos em candidaturas competitivas a fundos p\u00fablicos.<\/p>\t\t\t\t\t\t\t\t<\/div>\n\t\t\t\t<\/div>\n\t\t<div class=\"elementor-element elementor-element-07d4851 e-flex e-con-boxed wpr-particle-no wpr-jarallax-no wpr-parallax-no wpr-sticky-section-no wpr-equal-height-no elementor-invisible e-con e-child\" data-id=\"07d4851\" data-element_type=\"container\" data-e-type=\"container\" data-settings=\"{&quot;animation&quot;:&quot;fadeInRight&quot;}\">\n\t\t\t\t\t<div class=\"e-con-inner\">\n\t\t\t\t<div class=\"elementor-element elementor-element-0ecd9a4 elementor-widget elementor-widget-text-editor\" data-id=\"0ecd9a4\" data-element_type=\"widget\" data-e-type=\"widget\" data-widget_type=\"text-editor.default\">\n\t\t\t\t\t\t\t\t\t<p>No final do curso, os participantes dever\u00e3o ser capazes de mapear oportunidades de financiamento alinhadas com a estrat\u00e9gia e os investimentos priorit\u00e1rios da sua organiza\u00e7\u00e3o, avaliar rapidamente a adequa\u00e7\u00e3o de um projeto a uma oportunidade e estruturar a base de uma candidatura (nacional ou europeia). Em resultado, ficam mais bem preparados para a constru\u00e7\u00e3o de um portef\u00f3lio sustent\u00e1vel e competitivo de projetos de inova\u00e7\u00e3o.<\/p>\t\t\t\t\t\t\t\t<\/div>\n\t\t\t\t\t<\/div>\n\t\t\t\t<\/div>\n\t\t\t\t\t<\/div>\n\t\t\t\t<\/div>\n\t\t<div class=\"elementor-element elementor-element-0947801 elementor-hidden-mobile e-flex e-con-boxed wpr-particle-no wpr-jarallax-no wpr-parallax-no wpr-sticky-section-no wpr-equal-height-no e-con e-parent\" data-id=\"0947801\" data-element_type=\"container\" data-e-type=\"container\" data-settings=\"{&quot;background_background&quot;:&quot;classic&quot;}\">\n\t\t\t\t\t<div class=\"e-con-inner\">\n\t\t\t\t\t<\/div>\n\t\t\t\t<\/div>\n\t\t<div class=\"elementor-element elementor-element-3c1f8d8 e-flex e-con-boxed wpr-particle-no wpr-jarallax-no wpr-parallax-no wpr-sticky-section-no wpr-equal-height-no e-con e-parent\" data-id=\"3c1f8d8\" data-element_type=\"container\" data-e-type=\"container\" data-settings=\"{&quot;shape_divider_bottom&quot;:&quot;tilt&quot;}\">\n\t\t\t\t\t<div class=\"e-con-inner\">\n\t\t\t\t<div class=\"elementor-shape elementor-shape-bottom\" aria-hidden=\"true\" data-negative=\"false\">\n\t\t\t<svg xmlns=\"http:\/\/www.w3.org\/2000\/svg\" viewBox=\"0 0 1000 100\" preserveAspectRatio=\"none\">\n\t<path class=\"elementor-shape-fill\" d=\"M0,6V0h1000v100L0,6z\"\/>\n<\/svg>\t\t<\/div>\n\t\t\t\t<div class=\"elementor-element elementor-element-c3fabf6 elementor-widget elementor-widget-image\" data-id=\"c3fabf6\" data-element_type=\"widget\" data-e-type=\"widget\" data-widget_type=\"image.default\">\n\t\t\t\t\t\t\t\t\t\t\t\t\t\t\t<img decoding=\"async\" width=\"22\" height=\"185\" src=\"https:\/\/next.universitas.pt\/wp-content\/uploads\/2025\/10\/Line_2.png\" class=\"attachment-large size-large wp-image-1727\" alt=\"\" \/>\t\t\t\t\t\t\t\t\t\t\t\t\t\t\t<\/div>\n\t\t\t\t<div class=\"elementor-element elementor-element-f9c3e58 elementor-widget elementor-widget-heading\" data-id=\"f9c3e58\" data-element_type=\"widget\" data-e-type=\"widget\" data-widget_type=\"heading.default\">\n\t\t\t\t\t<h2 class=\"elementor-heading-title elementor-size-default\">02<\/h2>\t\t\t\t<\/div>\n\t\t\t\t\t<\/div>\n\t\t\t\t<\/div>\n\t\t<div class=\"elementor-element elementor-element-5a1f65b e-flex e-con-boxed wpr-particle-no wpr-jarallax-no wpr-parallax-no wpr-sticky-section-no wpr-equal-height-no e-con e-parent\" data-id=\"5a1f65b\" data-element_type=\"container\" data-e-type=\"container\" data-settings=\"{&quot;background_background&quot;:&quot;classic&quot;}\">\n\t\t\t\t\t<div class=\"e-con-inner\">\n\t\t<div class=\"elementor-element elementor-element-3b98292 e-con-full e-flex wpr-particle-no wpr-jarallax-no wpr-parallax-no wpr-sticky-section-no wpr-equal-height-no elementor-invisible e-con e-child\" data-id=\"3b98292\" data-element_type=\"container\" data-e-type=\"container\" data-settings=\"{&quot;animation&quot;:&quot;fadeInLeft&quot;}\">\n\t\t\t\t<div class=\"elementor-element elementor-element-1f5c17c elementor-widget elementor-widget-heading\" data-id=\"1f5c17c\" data-element_type=\"widget\" data-e-type=\"widget\" data-widget_type=\"heading.default\">\n\t\t\t\t\t<h2 class=\"elementor-heading-title elementor-size-default\">Destinat\u00e1rios<\/h2>\t\t\t\t<\/div>\n\t\t\t\t<div class=\"elementor-element elementor-element-f8349fb elementor-align-start elementor-icon-list--layout-traditional elementor-list-item-link-full_width elementor-widget elementor-widget-icon-list\" data-id=\"f8349fb\" data-element_type=\"widget\" data-e-type=\"widget\" data-widget_type=\"icon-list.default\">\n\t\t\t\t\t\t\t<ul class=\"elementor-icon-list-items\">\n\t\t\t\t\t\t\t<li class=\"elementor-icon-list-item\">\n\t\t\t\t\t\t\t\t\t\t\t<span class=\"elementor-icon-list-icon\">\n\t\t\t\t\t\t\t<i aria-hidden=\"true\" class=\"far fa-circle\"><\/i>\t\t\t\t\t\t<\/span>\n\t\t\t\t\t\t\t\t\t\t<span class=\"elementor-icon-list-text\">Decisores que querem integrar o financiamento p\u00fablico na estrat\u00e9gia de crescimento e investimento da organiza\u00e7\u00e3o.<\/span>\n\t\t\t\t\t\t\t\t\t<\/li>\n\t\t\t\t\t\t\t\t<li class=\"elementor-icon-list-item\">\n\t\t\t\t\t\t\t\t\t\t\t<span class=\"elementor-icon-list-icon\">\n\t\t\t\t\t\t\t<i aria-hidden=\"true\" class=\"far fa-circle\"><\/i>\t\t\t\t\t\t<\/span>\n\t\t\t\t\t\t\t\t\t\t<span class=\"elementor-icon-list-text\">Gestores de inova\u00e7\u00e3o respons\u00e1veis por desenhar e gerir o portef\u00f3lio de projetos de I&amp;D e inova\u00e7\u00e3o.<\/span>\n\t\t\t\t\t\t\t\t\t<\/li>\n\t\t\t\t\t\t\t\t<li class=\"elementor-icon-list-item\">\n\t\t\t\t\t\t\t\t\t\t\t<span class=\"elementor-icon-list-icon\">\n\t\t\t\t\t\t\t<i aria-hidden=\"true\" class=\"far fa-circle\"><\/i>\t\t\t\t\t\t<\/span>\n\t\t\t\t\t\t\t\t\t\t<span class=\"elementor-icon-list-text\">Gestores de projeto que coordenam candidaturas e implementa\u00e7\u00e3o de projetos financiados.<\/span>\n\t\t\t\t\t\t\t\t\t<\/li>\n\t\t\t\t\t\t\t\t<li class=\"elementor-icon-list-item\">\n\t\t\t\t\t\t\t\t\t\t\t<span class=\"elementor-icon-list-icon\">\n\t\t\t\t\t\t\t<i aria-hidden=\"true\" class=\"far fa-circle\"><\/i>\t\t\t\t\t\t<\/span>\n\t\t\t\t\t\t\t\t\t\t<span class=\"elementor-icon-list-text\">Coordenadores de I&amp;D que estruturam propostas t\u00e9cnicas e cient\u00edficas para programas nacionais e europeus.<\/span>\n\t\t\t\t\t\t\t\t\t<\/li>\n\t\t\t\t\t\t<\/ul>\n\t\t\t\t\t\t<\/div>\n\t\t\t\t<\/div>\n\t\t<div class=\"elementor-element elementor-element-05c0015 e-con-full e-flex wpr-particle-no wpr-jarallax-no wpr-parallax-no wpr-sticky-section-no wpr-equal-height-no elementor-invisible e-con e-child\" data-id=\"05c0015\" data-element_type=\"container\" data-e-type=\"container\" data-settings=\"{&quot;animation&quot;:&quot;fadeInRight&quot;}\">\n\t\t\t\t<div class=\"elementor-element elementor-element-51d7ff1 elementor-widget elementor-widget-heading\" data-id=\"51d7ff1\" data-element_type=\"widget\" data-e-type=\"widget\" data-widget_type=\"heading.default\">\n\t\t\t\t\t<h2 class=\"elementor-heading-title elementor-size-default\">Dura\u00e7\u00e3o e Hor\u00e1rio<\/h2>\t\t\t\t<\/div>\n\t\t\t\t<div class=\"elementor-element elementor-element-87070da elementor-widget elementor-widget-text-editor\" data-id=\"87070da\" data-element_type=\"widget\" data-e-type=\"widget\" data-widget_type=\"text-editor.default\">\n\t\t\t\t\t\t\t\t\t<p><strong>5 semanas<\/strong>, <strong>total de 25 horas<\/strong> (3 horas\/semana para trabalho aut\u00f3nomo entre sess\u00f5es e consulta de conte\u00fados e 2 horas\/semana em formato online, live, para lan\u00e7amento de novos conte\u00fados e mentoria aplicada).<\/p><p>Ao longo do curso, cada participante trabalha na base de uma candidatura (nacional ou europeia), recebendo <em>feedback<\/em> e orienta\u00e7\u00e3o para transformar a sua ideia num projeto estruturado.<\/p>\t\t\t\t\t\t\t\t<\/div>\n\t\t\t\t<\/div>\n\t\t\t\t\t<\/div>\n\t\t\t\t<\/div>\n\t\t<div class=\"elementor-element elementor-element-0216106 e-flex e-con-boxed wpr-particle-no wpr-jarallax-no wpr-parallax-no wpr-sticky-section-no wpr-equal-height-no e-con e-parent\" data-id=\"0216106\" data-element_type=\"container\" data-e-type=\"container\" data-settings=\"{&quot;background_background&quot;:&quot;classic&quot;,&quot;shape_divider_top&quot;:&quot;tilt&quot;}\">\n\t\t\t\t\t<div class=\"e-con-inner\">\n\t\t\t\t<div class=\"elementor-shape elementor-shape-top\" aria-hidden=\"true\" data-negative=\"false\">\n\t\t\t<svg xmlns=\"http:\/\/www.w3.org\/2000\/svg\" viewBox=\"0 0 1000 100\" preserveAspectRatio=\"none\">\n\t<path class=\"elementor-shape-fill\" d=\"M0,6V0h1000v100L0,6z\"\/>\n<\/svg>\t\t<\/div>\n\t\t\t\t<div class=\"elementor-element elementor-element-8485610 elementor-widget elementor-widget-image\" data-id=\"8485610\" data-element_type=\"widget\" data-e-type=\"widget\" data-widget_type=\"image.default\">\n\t\t\t\t\t\t\t\t\t\t\t\t\t\t\t<img decoding=\"async\" width=\"22\" height=\"185\" src=\"https:\/\/next.universitas.pt\/wp-content\/uploads\/2025\/10\/Line_2.png\" class=\"attachment-large size-large wp-image-1727\" alt=\"\" \/>\t\t\t\t\t\t\t\t\t\t\t\t\t\t\t<\/div>\n\t\t\t\t<div class=\"elementor-element elementor-element-becb3c7 elementor-widget elementor-widget-heading\" data-id=\"becb3c7\" data-element_type=\"widget\" data-e-type=\"widget\" data-widget_type=\"heading.default\">\n\t\t\t\t\t<h2 class=\"elementor-heading-title elementor-size-default\">03<\/h2>\t\t\t\t<\/div>\n\t\t\t\t\t<\/div>\n\t\t\t\t<\/div>\n\t\t<div class=\"elementor-element elementor-element-b0820a0 e-flex e-con-boxed wpr-particle-no wpr-jarallax-no wpr-parallax-no wpr-sticky-section-no wpr-equal-height-no e-con e-parent\" data-id=\"b0820a0\" data-element_type=\"container\" data-e-type=\"container\" data-settings=\"{&quot;background_background&quot;:&quot;classic&quot;,&quot;shape_divider_bottom&quot;:&quot;tilt&quot;}\">\n\t\t\t\t\t<div class=\"e-con-inner\">\n\t\t\t\t<div class=\"elementor-shape elementor-shape-bottom\" aria-hidden=\"true\" data-negative=\"false\">\n\t\t\t<svg xmlns=\"http:\/\/www.w3.org\/2000\/svg\" viewBox=\"0 0 1000 100\" preserveAspectRatio=\"none\">\n\t<path class=\"elementor-shape-fill\" d=\"M0,6V0h1000v100L0,6z\"\/>\n<\/svg>\t\t<\/div>\n\t\t<div class=\"elementor-element elementor-element-4007160 e-con-full e-flex wpr-particle-no wpr-jarallax-no wpr-parallax-no wpr-sticky-section-no wpr-equal-height-no elementor-invisible e-con e-child\" data-id=\"4007160\" data-element_type=\"container\" data-e-type=\"container\" data-settings=\"{&quot;animation&quot;:&quot;fadeInLeft&quot;}\">\n\t\t\t\t<div class=\"elementor-element elementor-element-a1ed12a elementor-widget elementor-widget-heading\" data-id=\"a1ed12a\" data-element_type=\"widget\" data-e-type=\"widget\" data-widget_type=\"heading.default\">\n\t\t\t\t\t<h2 class=\"elementor-heading-title elementor-size-default\">Coordena\u00e7\u00e3o<\/h2>\t\t\t\t<\/div>\n\t\t\t\t<div class=\"elementor-element elementor-element-e459550 elementor-widget__width-initial elementor-widget elementor-widget-elementskit-team\" data-id=\"e459550\" data-element_type=\"widget\" data-e-type=\"widget\" data-widget_type=\"elementskit-team.default\">\n\t\t\t\t<div class=\"elementor-widget-container\">\n\t\t\t\t\t<div class=\"ekit-wid-con\">\t\t\t\t\t\t\t\t\n\t\t<div class=\"profile-card elementor-animation- text-left ekit-team-style-default\">\n\t\t\t\t\t\t\t<a aria-label=\"profile\" href=\"javascript:void(0)\" data-mfp-src=\"#ekit_team_modal_e459550_2456\" class=\"ekit-team-popup\">\n\t\t\t\n\t\t\t\t<div class=\"profile-header ekit-team-img ekit-img-overlay ekit-team-img-block\"  data-toggle=\"modal\" data-target=\"ekit_team_modal_#e459550_2456\" >\n\t\t\t\t\t<img fetchpriority=\"high\" decoding=\"async\" width=\"514\" height=\"514\" src=\"https:\/\/next.universitas.pt\/wp-content\/uploads\/2026\/01\/joao_fonseca.jpg\" class=\"attachment-large size-large wp-image-2805\" alt=\"\" srcset=\"https:\/\/next.universitas.pt\/wp-content\/uploads\/2026\/01\/joao_fonseca.jpg 514w, https:\/\/next.universitas.pt\/wp-content\/uploads\/2026\/01\/joao_fonseca-300x300.jpg 300w, https:\/\/next.universitas.pt\/wp-content\/uploads\/2026\/01\/joao_fonseca-150x150.jpg 150w\" sizes=\"(max-width: 514px) 100vw, 514px\" \/>\t\t\t\t<\/div><!-- .profile-header END -->\n\t\t\t\t\t\t\t<\/a>\n\t\t\t\n\n\t\t\t\t<div class=\"profile-body\">\n\t\t\t\t\t\n\t\t\t\t\t<h2 class=\"profile-title\">\n\t\t\t\t\t\t\t\t\t\t\t<a aria-label=\"profile\" href=\"javascript:void(0)\" data-mfp-src=\"#ekit_team_modal_e459550_2456\" class=\"ekit-team-popup\">\n\t\t\t\t\t\tJo\u00e3o Paulo Fonseca\t\t\t\t\t\t<\/a>\n\t\t\t\t\t\t\t\t\t\t\t<\/h2>\n\t\t\t\t\t<p class=\"profile-designation\">Head of Office na INOVA+<\/p>\n\t\t\t\t\t\t\t\t\t<\/div><!-- .profile-body END -->\n\n\t\t\t\t\t\t\t\t<\/div>\n\t\t\t\t\t\t\t\n\t\t\t\n\t\t\t\t\t<div class=\"zoom-anim-dialog mfp-hide elementskit-team-popup team-popup-id-e459550\" id=\"ekit_team_modal_e459550_2456\" tabindex=\"-1\" role=\"dialog\" aria-modal=\"true\">\n\t\t\t\t<div class=\"modal-dialog modal-dialog-centered\" role=\"document\">\n\t\t\t\t\t<div class=\"modal-content\">\n\t\t\t\t\t\t<button type=\"button\" class=\"ekit-team-modal-close\">\n\t\t\t\t\t\t\t<i aria-hidden=\"true\" class=\"fas fa-times\"><\/i>\t\t\t\t\t\t<\/button>\n\n\t\t\t\t\t\t<div class=\"modal-body\">\n\t\t\t\t\t\t\t\t\t\t\t\t\t\t\t<div class=\"ekit-team-modal-img\">\n\t\t\t\t\t\t\t\t\t<img fetchpriority=\"high\" decoding=\"async\" width=\"514\" height=\"514\" src=\"https:\/\/next.universitas.pt\/wp-content\/uploads\/2026\/01\/joao_fonseca.jpg\" class=\"attachment-large size-large wp-image-2805\" alt=\"\" srcset=\"https:\/\/next.universitas.pt\/wp-content\/uploads\/2026\/01\/joao_fonseca.jpg 514w, https:\/\/next.universitas.pt\/wp-content\/uploads\/2026\/01\/joao_fonseca-300x300.jpg 300w, https:\/\/next.universitas.pt\/wp-content\/uploads\/2026\/01\/joao_fonseca-150x150.jpg 150w\" sizes=\"(max-width: 514px) 100vw, 514px\" \/>\t\t\t\t\t\t\t\t<\/div>\n\t\t\t\t\t\t\t\n\t\t\t\t\t\t\t<div class=\"ekit-team-modal-info has-img\">\n\t\t\t\t\t\t\t\t<h2 class=\"ekit-team-modal-title\">Jo\u00e3o Paulo Fonseca<\/h2>\n\t\t\t\t\t\t\t\t<p class=\"ekit-team-modal-position\">Head of Office na INOVA+<\/p>\n\n\t\t\t\t\t\t\t\t<div class=\"ekit-team-modal-content\">\n\t\t\t\t\t\t\t\t\tJO\u00c3O PAULO FONSECA \u00e9  Head of Office (delega\u00e7\u00e3o de Lisboa) na INOVA+, com forma\u00e7\u00e3o  em Gest\u00e3o e Certifica\u00e7\u00e3o de I&amp;D e Inova\u00e7\u00e3o, Gest\u00e3o de Projetos, Executive Master em Management com especializa\u00e7\u00e3o em Strategic Marketing pela Cat\u00f3lica LISBON e Licenciatura em Biologia pela Universidade de Coimbra. Com mais de 15 anos de experi\u00eancia em consultoria estrat\u00e9gica, ap\u00f3s iniciar o seu percurso profissional como investigador em Microbiologia no Reino Unido. tem trabalhado com empresas dos setores dos servi\u00e7os e ind\u00fastria, com universidades, centros de I&amp;D, e com administra\u00e7\u00e3o p\u00fablica, promovendo a elabora\u00e7\u00e3o de diagn\u00f3sticos, a implementa\u00e7\u00e3o de estrat\u00e9gias territoriais e de projetos de inova\u00e7\u00e3o. Atua na dinamiza\u00e7\u00e3o do ecossistema da INOVA+, identificando novos clientes e parceiros, bem como oportunidades de financiamento nacionais e europeias para empresas, organiza\u00e7\u00f5es cient\u00edficas, e entidades p\u00fablicas. Atua na promo\u00e7\u00e3o e desenvolvimento de projetos de I&amp;D e inova\u00e7\u00e3o. Interv\u00e9m em programas europeus geridos diretamente pela Comiss\u00e3o Europeia (Horizonte Europa, LIFE) e no \u00e2mbito dos Fundos da Pol\u00edtica de Coes\u00e3o (Portugal 2030, PRR, URBACT, Urban Innovative Actions). \u00c9 formador e orador  em iniciativas nas \u00e1reas do empreendedorismo, com experi\u00eancia em capacita\u00e7\u00e3o de equipas empreendedoras, apoio em modelos de neg\u00f3cio, estrutura\u00e7\u00e3o de pilotos e prepara\u00e7\u00e3o para capta\u00e7\u00e3o de financiamento.\t\t\t\t\t\t\t\t<\/div>\n\n\t\t\t\t\t\t\t\t\n\t\t\t\t\t\t\t\t\t\t\t\t\t\t\t<\/div>\n\t\t\t\t\t\t<\/div>\n\t\t\t\t\t<\/div>\n\t\t\t\t<\/div>\n\t\t\t<\/div>\n\t\t\t\t<\/div>\t\t\t\t<\/div>\n\t\t\t\t<\/div>\n\t\t\t\t<\/div>\n\t\t<div class=\"elementor-element elementor-element-2f94adb e-con-full e-flex wpr-particle-no wpr-jarallax-no wpr-parallax-no wpr-sticky-section-no wpr-equal-height-no elementor-invisible e-con e-child\" data-id=\"2f94adb\" data-element_type=\"container\" data-e-type=\"container\" data-settings=\"{&quot;animation&quot;:&quot;fadeInRight&quot;}\">\n\t\t\t\t<div class=\"elementor-element elementor-element-6656fe6 elementor-widget elementor-widget-heading\" data-id=\"6656fe6\" data-element_type=\"widget\" data-e-type=\"widget\" data-widget_type=\"heading.default\">\n\t\t\t\t\t<h2 class=\"elementor-heading-title elementor-size-default\">Estrutura<\/h2>\t\t\t\t<\/div>\n\t\t\t\t<div class=\"elementor-element elementor-element-eda8142 elementor-align-start elementor-icon-list--layout-traditional elementor-list-item-link-full_width elementor-widget elementor-widget-icon-list\" data-id=\"eda8142\" data-element_type=\"widget\" data-e-type=\"widget\" data-widget_type=\"icon-list.default\">\n\t\t\t\t\t\t\t<ul class=\"elementor-icon-list-items\">\n\t\t\t\t\t\t\t<li class=\"elementor-icon-list-item\">\n\t\t\t\t\t\t\t\t\t\t\t<span class=\"elementor-icon-list-icon\">\n\t\t\t\t\t\t\t<i aria-hidden=\"true\" class=\"far fa-circle\"><\/i>\t\t\t\t\t\t<\/span>\n\t\t\t\t\t\t\t\t\t\t<span class=\"elementor-icon-list-text\"><b>M\u00f3dulos 1:<\/b> Estrat\u00e9gia de Financiamento para a Organiza\u00e7\u00e3o<\/span>\n\t\t\t\t\t\t\t\t\t<\/li>\n\t\t\t\t\t\t\t\t<li class=\"elementor-icon-list-item\">\n\t\t\t\t\t\t\t\t\t\t\t<span class=\"elementor-icon-list-icon\">\n\t\t\t\t\t\t\t<i aria-hidden=\"true\" class=\"far fa-circle\"><\/i>\t\t\t\t\t\t<\/span>\n\t\t\t\t\t\t\t\t\t\t<span class=\"elementor-icon-list-text\"><b>M\u00f3dulos 2:<\/b> Da Estrat\u00e9gia \u00e0 Call - Identificar as Oportunidades Certas<\/span>\n\t\t\t\t\t\t\t\t\t<\/li>\n\t\t\t\t\t\t\t\t<li class=\"elementor-icon-list-item\">\n\t\t\t\t\t\t\t\t\t\t\t<span class=\"elementor-icon-list-icon\">\n\t\t\t\t\t\t\t<i aria-hidden=\"true\" class=\"far fa-circle\"><\/i>\t\t\t\t\t\t<\/span>\n\t\t\t\t\t\t\t\t\t\t<span class=\"elementor-icon-list-text\"><b>M\u00f3dulos 3:<\/b> Da Call ao Projeto - Conce\u00e7\u00e3o e Escrita de Propostas<\/span>\n\t\t\t\t\t\t\t\t\t<\/li>\n\t\t\t\t\t\t\t\t<li class=\"elementor-icon-list-item\">\n\t\t\t\t\t\t\t\t\t\t\t<span class=\"elementor-icon-list-icon\">\n\t\t\t\t\t\t\t<i aria-hidden=\"true\" class=\"far fa-circle\"><\/i>\t\t\t\t\t\t<\/span>\n\t\t\t\t\t\t\t\t\t\t<span class=\"elementor-icon-list-text\"><b>M\u00f3dulos 4:<\/b> Submiss\u00e3o e Avalia\u00e7\u00e3o <\/span>\n\t\t\t\t\t\t\t\t\t<\/li>\n\t\t\t\t\t\t<\/ul>\n\t\t\t\t\t\t<\/div>\n\t\t\t\t<\/div>\n\t\t\t\t\t<\/div>\n\t\t\t\t<\/div>\n\t\t<div class=\"elementor-element elementor-element-112dcf3 e-flex e-con-boxed wpr-particle-no wpr-jarallax-no wpr-parallax-no wpr-sticky-section-no wpr-equal-height-no e-con e-parent\" data-id=\"112dcf3\" data-element_type=\"container\" data-e-type=\"container\" data-settings=\"{&quot;background_background&quot;:&quot;classic&quot;}\">\n\t\t\t\t\t<div class=\"e-con-inner\">\n\t\t\t\t\t<\/div>\n\t\t\t\t<\/div>\n\t\t<div class=\"elementor-element elementor-element-24040a3 e-flex e-con-boxed wpr-particle-no wpr-jarallax-no wpr-parallax-no wpr-sticky-section-no wpr-equal-height-no e-con e-parent\" data-id=\"24040a3\" data-element_type=\"container\" data-e-type=\"container\" data-settings=\"{&quot;background_background&quot;:&quot;classic&quot;}\">\n\t\t\t\t\t<div class=\"e-con-inner\">\n\t\t\t\t<div class=\"elementor-element elementor-element-3bda7a5 elementor-widget elementor-widget-heading\" data-id=\"3bda7a5\" data-element_type=\"widget\" data-e-type=\"widget\" data-widget_type=\"heading.default\">\n\t\t\t\t\t<h2 class=\"elementor-heading-title elementor-size-default\">Certifica\u00e7\u00e3o<\/h2>\t\t\t\t<\/div>\n\t\t\t\t<div class=\"elementor-element elementor-element-2632228 elementor-widget elementor-widget-text-editor\" data-id=\"2632228\" data-element_type=\"widget\" data-e-type=\"widget\" data-widget_type=\"text-editor.default\">\n\t\t\t\t\t\t\t\t\t<p>A conclus\u00e3o, com aproveitamento, confere um Diploma de Forma\u00e7\u00e3o em &#8220;Gest\u00e3o de Candidaturas a Financiamento P\u00fablico para a Inova\u00e7\u00e3o&#8221;, emitido pelo ISEC Lisboa, com a atribui\u00e7\u00e3o de 4 cr\u00e9ditos ECTS (European Credit Transfer System).<\/p><p>A atribui\u00e7\u00e3o do diploma est\u00e1 condicionada \u00e0 aprova\u00e7\u00e3o em todos os elementos de avalia\u00e7\u00e3o definidos e a uma assiduidade m\u00ednima de 90% das horas letivas s\u00edncronas.<\/p>\t\t\t\t\t\t\t\t<\/div>\n\t\t\t\t<div class=\"elementor-element elementor-element-f836923 elementor-hidden-desktop elementor-hidden-laptop elementor-hidden-tablet elementor-hidden-mobile elementor-widget elementor-widget-heading\" data-id=\"f836923\" data-element_type=\"widget\" data-e-type=\"widget\" data-widget_type=\"heading.default\">\n\t\t\t\t\t<h2 class=\"elementor-heading-title elementor-size-default\">Parceiros<\/h2>\t\t\t\t<\/div>\n\t\t\t\t<div class=\"elementor-element elementor-element-a04459f elementor-hidden-desktop elementor-hidden-laptop elementor-hidden-tablet elementor-hidden-mobile elementor-widget elementor-widget-ucaddon_logo_grid\" data-id=\"a04459f\" data-element_type=\"widget\" data-e-type=\"widget\" data-widget_type=\"ucaddon_logo_grid.default\">\n\t\t\t\t<div class=\"elementor-widget-container\">\n\t\t\t\t\t\n<!-- start Logo Grid -->\n<style>\/* widget: Logo Grid *\/\n\n#uc_logo_grid_elementor_a04459f {\n  display: grid;\n}\n#uc_logo_grid_elementor_a04459f .ue-logo-title\n{\n  width:100%;\n  position:absolute;\n  bottom:0;\n  text-align:center;\n  left:0;\n}\n\n#uc_logo_grid_elementor_a04459f div.logo-grid-item\n{\ntext-align:center;\ndisplay:flex;\nflex-direction:column;\njustify-content:center;\nalign-items:center;\noverflow:hidden;\n  position:relative;\n  transition:0.3s;\n\n}\n\n#uc_logo_grid_elementor_a04459f div.logo-grid-item img\n{\nwidth:100%;\n  object-fit: contain;\n  display:block;\n  mix-blend-mode: normal;\n  position:absolute;\n  top:0;\n  left:0;\n  right:0;\n  bottom:0;\n  height:100%;\n  transition:0.3s;\n}\n\n\n\n#uc_logo_grid_elementor_a04459f a\n{\n  display:block;\n  position:absolute;\n  top:0;\n  left:0;\n  right:0;\n  bottom:0;\n  cursor:pointer;\n  display:flex;\njustify-content:center;\nalign-items:center;\n}\n\n<\/style>\n\n<div id=\"uc_logo_grid_elementor_a04459f\" class=\"ue-logo-grid uc-items-wrapper \" >\n\t\t   <div class=\"logo-grid-item elementor-animation-float\" >\n   \n\t<a href=\"#\" > \n\t\n  \n    <img decoding=\"async\" src=\"https:\/\/next.universitas.pt\/wp-content\/uploads\/2025\/10\/LOGO-1.png\" title=\"Logo\"  src=\"https:\/\/next.universitas.pt\/wp-content\/uploads\/2025\/10\/LOGO-1.png\" alt=\"LOGO\" width=\"146\" height=\"37\">\n      \t\n      \n  <\/a>\n  \t\n<\/div>\n<div class=\"logo-grid-item elementor-animation-float\" >\n   \n\t<a href=\"#\" > \n\t\n  \n    <img decoding=\"async\" src=\"https:\/\/next.universitas.pt\/wp-content\/uploads\/2025\/10\/LOGO-1.png\" title=\"Logo\"  src=\"https:\/\/next.universitas.pt\/wp-content\/uploads\/2025\/10\/LOGO-1.png\" alt=\"LOGO\" width=\"146\" height=\"37\">\n      \t\n      \n  <\/a>\n  \t\n<\/div>\n<div class=\"logo-grid-item elementor-animation-float\" >\n   \n\t<a href=\"#\" > \n\t\n  \n    <img decoding=\"async\" src=\"https:\/\/next.universitas.pt\/wp-content\/uploads\/2025\/10\/LOGO-1.png\" title=\"Logo\"  src=\"https:\/\/next.universitas.pt\/wp-content\/uploads\/2025\/10\/LOGO-1.png\" alt=\"LOGO\" width=\"146\" height=\"37\">\n      \t\n      \n  <\/a>\n  \t\n<\/div>\n<div class=\"logo-grid-item elementor-animation-float\" >\n   \n\t<a href=\"#\" > \n\t\n  \n    <img decoding=\"async\" src=\"https:\/\/next.universitas.pt\/wp-content\/uploads\/2025\/10\/LOGO-1.png\" title=\"Logo\"  src=\"https:\/\/next.universitas.pt\/wp-content\/uploads\/2025\/10\/LOGO-1.png\" alt=\"LOGO\" width=\"146\" height=\"37\">\n      \t\n      \n  <\/a>\n  \t\n<\/div>\n<div class=\"logo-grid-item elementor-animation-float\" >\n   \n\t<a href=\"#\" > \n\t\n  \n    <img decoding=\"async\" src=\"https:\/\/next.universitas.pt\/wp-content\/uploads\/2025\/10\/LOGO-1.png\" title=\"Logo\"  src=\"https:\/\/next.universitas.pt\/wp-content\/uploads\/2025\/10\/LOGO-1.png\" alt=\"LOGO\" width=\"146\" height=\"37\">\n      \t\n      \n  <\/a>\n  \t\n<\/div>\n<div class=\"logo-grid-item elementor-animation-float\" >\n   \n\t<a href=\"#\" > \n\t\n  \n    <img decoding=\"async\" src=\"https:\/\/next.universitas.pt\/wp-content\/uploads\/2025\/10\/LOGO-1.png\" title=\"Logo\"  src=\"https:\/\/next.universitas.pt\/wp-content\/uploads\/2025\/10\/LOGO-1.png\" alt=\"LOGO\" width=\"146\" height=\"37\">\n      \t\n      \n  <\/a>\n  \t\n<\/div>\n\n    <\/div>\n<!-- end Logo Grid -->\t\t\t\t<\/div>\n\t\t\t\t<\/div>\n\t\t\t\t\t<\/div>\n\t\t\t\t<\/div>\n\t\t\t\t<\/div>\n\t\t","protected":false},"excerpt":{"rendered":"<p>Forma\u00e7\u00e3o Avan\u00e7ada Gest\u00e3o de Candidaturas a Financiamento P\u00fablico para a Inova\u00e7\u00e3o 28 maio 2026 5.\u00aa Feiras &#8211; 16:00 \u00e0s 18:00 Online 5 semanas 700 \u20ac skip render: ucaddon_blox_btn_group Candidate-se aqui! 01 Programa Num contexto em que a competitividade das organiza\u00e7\u00f5es depende cada vez mais da sua capacidade de inova\u00e7\u00e3o, o acesso a financiamento p\u00fablico nacional e europeu tornou-se um fator cr\u00edtico para viabilizar projetos, reduzir risco e acelerar o crescimento. Muitos projetos com elevado potencial ficam, por\u00e9m, pelo caminho por falta de alinhamento com os programas de apoio ou fraca prepara\u00e7\u00e3o t\u00e9cnica e financeira. Este curso responde diretamente a esse desafio, oferecendo a decisores, gestores de inova\u00e7\u00e3o, gestores de projeto e coordenadores de I&amp;D uma abordagem pr\u00e1tica, orientada para a realidade das organiza\u00e7\u00f5es, sobre como transformar ideias e investimentos em candidaturas competitivas a fundos p\u00fablicos. No final do curso, os participantes dever\u00e3o ser capazes de mapear oportunidades de financiamento alinhadas com a estrat\u00e9gia e os investimentos priorit\u00e1rios da sua organiza\u00e7\u00e3o, avaliar rapidamente a adequa\u00e7\u00e3o de um projeto a uma oportunidade e estruturar a base de uma candidatura (nacional ou europeia). Em resultado, ficam mais bem preparados para a constru\u00e7\u00e3o de um portef\u00f3lio sustent\u00e1vel e competitivo de projetos de inova\u00e7\u00e3o. 02 Destinat\u00e1rios Decisores que querem integrar o financiamento p\u00fablico na estrat\u00e9gia de crescimento e investimento da organiza\u00e7\u00e3o. Gestores de inova\u00e7\u00e3o respons\u00e1veis por desenhar e gerir o portef\u00f3lio de projetos de I&amp;D e inova\u00e7\u00e3o. Gestores de projeto que coordenam candidaturas e implementa\u00e7\u00e3o de projetos financiados. Coordenadores de I&amp;D que estruturam propostas t\u00e9cnicas e cient\u00edficas para programas nacionais e europeus. Dura\u00e7\u00e3o e Hor\u00e1rio 5 semanas, total de 25 horas (3 horas\/semana para trabalho aut\u00f3nomo entre sess\u00f5es e consulta de conte\u00fados e 2 horas\/semana em formato online, live, para lan\u00e7amento de novos conte\u00fados e mentoria aplicada). Ao longo do curso, cada participante trabalha na base de uma candidatura (nacional ou europeia), recebendo feedback e orienta\u00e7\u00e3o para transformar a sua ideia num projeto estruturado. 03 Coordena\u00e7\u00e3o Jo\u00e3o Paulo Fonseca Head of Office na INOVA+ Jo\u00e3o Paulo Fonseca Head of Office na INOVA+ JO\u00c3O PAULO FONSECA \u00e9 Head of Office (delega\u00e7\u00e3o de Lisboa) na INOVA+, com forma\u00e7\u00e3o em Gest\u00e3o e Certifica\u00e7\u00e3o de I&amp;D e Inova\u00e7\u00e3o, Gest\u00e3o de Projetos, Executive Master em Management com especializa\u00e7\u00e3o em Strategic Marketing pela Cat\u00f3lica LISBON e Licenciatura em Biologia pela Universidade de Coimbra. Com mais de 15 anos de experi\u00eancia em consultoria estrat\u00e9gica, ap\u00f3s iniciar o seu percurso profissional como investigador em Microbiologia no Reino Unido. tem trabalhado com empresas dos setores dos servi\u00e7os e ind\u00fastria, com universidades, centros de I&amp;D, e com administra\u00e7\u00e3o p\u00fablica, promovendo a elabora\u00e7\u00e3o de diagn\u00f3sticos, a implementa\u00e7\u00e3o de estrat\u00e9gias territoriais e de projetos de inova\u00e7\u00e3o. Atua na dinamiza\u00e7\u00e3o do ecossistema da INOVA+, identificando novos clientes e parceiros, bem como oportunidades de financiamento nacionais e europeias para empresas, organiza\u00e7\u00f5es cient\u00edficas, e entidades p\u00fablicas. Atua na promo\u00e7\u00e3o e desenvolvimento de projetos de I&amp;D e inova\u00e7\u00e3o. Interv\u00e9m em programas europeus geridos diretamente pela Comiss\u00e3o Europeia (Horizonte Europa, LIFE) e no \u00e2mbito dos Fundos da Pol\u00edtica de Coes\u00e3o (Portugal 2030, PRR, URBACT, Urban Innovative Actions). \u00c9 formador e orador em iniciativas nas \u00e1reas do empreendedorismo, com experi\u00eancia em capacita\u00e7\u00e3o de equipas empreendedoras, apoio em modelos de neg\u00f3cio, estrutura\u00e7\u00e3o de pilotos e prepara\u00e7\u00e3o para capta\u00e7\u00e3o de financiamento. Estrutura M\u00f3dulos 1: Estrat\u00e9gia de Financiamento para a Organiza\u00e7\u00e3o M\u00f3dulos 2: Da Estrat\u00e9gia \u00e0 Call &#8211; Identificar as Oportunidades Certas M\u00f3dulos 3: Da Call ao Projeto &#8211; Conce\u00e7\u00e3o e Escrita de Propostas M\u00f3dulos 4: Submiss\u00e3o e Avalia\u00e7\u00e3o Certifica\u00e7\u00e3o A conclus\u00e3o, com aproveitamento, confere um Diploma de Forma\u00e7\u00e3o em &#8220;Gest\u00e3o de Candidaturas a Financiamento P\u00fablico para a Inova\u00e7\u00e3o&#8221;, emitido pelo ISEC Lisboa, com a atribui\u00e7\u00e3o de 4 cr\u00e9ditos ECTS (European Credit Transfer System). A atribui\u00e7\u00e3o do diploma est\u00e1 condicionada \u00e0 aprova\u00e7\u00e3o em todos os elementos de avalia\u00e7\u00e3o definidos e a uma assiduidade m\u00ednima de 90% das horas letivas s\u00edncronas. Parceiros skip render: ucaddon_logo_grid<\/p>\n","protected":false},"author":1,"featured_media":0,"parent":0,"menu_order":0,"comment_status":"closed","ping_status":"closed","template":"elementor_canvas","meta":{"om_disable_all_campaigns":false,"_monsterinsights_skip_tracking":false,"_monsterinsights_sitenote_active":false,"_monsterinsights_sitenote_note":"","_monsterinsights_sitenote_category":0,"footnotes":""},"class_list":["post-2456","page","type-page","status-publish","hentry"],"aioseo_notices":[],"_links":{"self":[{"href":"https:\/\/next.universitas.pt\/index.php\/wp-json\/wp\/v2\/pages\/2456","targetHints":{"allow":["GET"]}}],"collection":[{"href":"https:\/\/next.universitas.pt\/index.php\/wp-json\/wp\/v2\/pages"}],"about":[{"href":"https:\/\/next.universitas.pt\/index.php\/wp-json\/wp\/v2\/types\/page"}],"author":[{"embeddable":true,"href":"https:\/\/next.universitas.pt\/index.php\/wp-json\/wp\/v2\/users\/1"}],"replies":[{"embeddable":true,"href":"https:\/\/next.universitas.pt\/index.php\/wp-json\/wp\/v2\/comments?post=2456"}],"version-history":[{"count":12,"href":"https:\/\/next.universitas.pt\/index.php\/wp-json\/wp\/v2\/pages\/2456\/revisions"}],"predecessor-version":[{"id":3782,"href":"https:\/\/next.universitas.pt\/index.php\/wp-json\/wp\/v2\/pages\/2456\/revisions\/3782"}],"wp:attachment":[{"href":"https:\/\/next.universitas.pt\/index.php\/wp-json\/wp\/v2\/media?parent=2456"}],"curies":[{"name":"wp","href":"https:\/\/api.w.org\/{rel}","templated":true}]}}